{"id":526760,"date":"2025-02-25T11:25:16","date_gmt":"2025-02-25T10:25:16","guid":{"rendered":"https:\/\/leregardlibre.com\/?post_type=product&#038;p=526760"},"modified":"2026-03-10T07:45:58","modified_gmt":"2026-03-10T06:45:58","slug":"unternehmergeist-auftrag","status":"publish","type":"product","link":"https:\/\/leregardlibre.com\/de\/produkt\/unternehmergeist-auftrag\/","title":{"rendered":"Le Regard Libre hors-s\u00e9rie Nr. 5 | \u00abEs lebe der Unternehmergeist!\u00bb"},"content":{"rendered":"<p><em>Le Regard Libre<\/em> Sonderausgabe Nr. 5 | \u00abEs lebe der Unternehmergeist\u00bb.\u00bb<br \/>\nPapierexemplar<br \/>\nBeilage in der aktuellen Ausgabe vom M\u00e4rz 2025 f\u00fcr Abonnenten<br \/>\nSchickes Papiermagazinformat<\/p>\n<hr \/>\n<p class=\"p1\"><strong><span class=\"s1\">Editorial<br \/>\n<\/span><\/strong><span class=\"s2\">05<\/span> Jonas Follonier, Gr\u00fcnder und Chefredakteur des <i>Regard Libre<\/i>: F\u00f6rderung des Unternehmergeistes<\/p>\n<p class=\"p1\"><strong><span class=\"s1\">Inspirierende Figuren<br \/>\n<\/span><\/strong><span class=\"s2\">06<\/span> Timon Zimmermann, Gr\u00fcnder von MageMetrics: \u00abIch versuche, ein absichtsvolles Leben zu f\u00fchren\u00bb.\u00bb<\/p>\n<p class=\"p1\"><span class=\"s2\">12<\/span> Carole Hubscher, Pr\u00e4sidentin von Caran d'Ache: \u00abDas Jonglieren zwischen Tradition und Innovation ist eine st\u00e4ndige Herausforderung\u00bb.\u00bb<\/p>\n<p class=\"p3\"><span class=\"s4\">18<\/span><span class=\"s3\"> Alan Frei, Gr\u00fcnder von Amorana: \u00abUnternehmergeist ist nicht angeboren\u00bb.\u00bb<\/span><\/p>\n<p class=\"p3\"><span class=\"s2\">22<\/span> L\u00e9a Miggiano, Mitbegr\u00fcnderin von Carvolution: \u00abWenn du ein cooles Team hast, wei\u00dft du ganz genau, warum du tust, was du tust\u00bb.\u00bb<\/p>\n<p class=\"p1\"><strong><span class=\"s1\">Analysen<\/span><\/strong><\/p>\n<p class=\"p3\"><span class=\"s2\">26<\/span> Olivier Meuwly, Historiker: Die Vernachl\u00e4ssigung des Unternehmers in der Schweizer Politik<\/p>\n<p class=\"p3\"><span class=\"s2\">29<\/span> Florian Schweitzer, Gr\u00fcndungspartner von b2ventures: Es fehlt nicht am Geld, sondern am Willen<\/p>\n<p class=\"p1\">Wir danken der Bonny Foundation for Freedom und der PEMOL-Baumann Foundation f\u00fcr die Unterst\u00fctzung dieser Sonderausgabe in Zusammenarbeit mit <i>Schweizer Monat<\/i>. <i>Der Freie Blick<\/i> ist f\u00fcr die Erstellung dieser Beilage verantwortlich.<\/p>\n<p><strong>Alle Artikel in dieser Ausgabe sind verf\u00fcgbar <a href=\"https:\/\/leregardlibre.com\/de\/ee\/\">kostenlos hier<\/a>.<\/strong><\/p>","protected":false},"excerpt":{"rendered":"<p>Le Regard Libre hors-s\u00e9rie N\u00b05 | \u00abVive l\u2019esprit d\u2019entreprise!\u00bb Exemplaire papier Suppl\u00e9ment joint dans l\u2019\u00e9dition courante de mars 2025 pour&#8230;<\/p>","protected":false},"featured_media":526765,"comment_status":"open","ping_status":"closed","template":"","meta":{"_acf_changed":false},"product_brand":[],"product_cat":[644358513],"product_tag":[],"class_list":{"0":"post-526760","1":"product","2":"type-product","3":"status-publish","4":"has-post-thumbnail","6":"product_cat-hors-series","8":"first","9":"instock","10":"shipping-taxable","11":"purchasable","12":"product-type-variable"},"acf":[],"yoast_head":"<!-- This site is optimized with the Yoast SEO Premium plugin v27.4 (Yoast SEO v27.4) - https:\/\/yoast.com\/product\/yoast-seo-premium-wordpress\/ -->\n<title>Le Regard Libre hors-s\u00e9rie N\u00b05 | \u00abVive l\u2019esprit d\u2019entreprise!\u00bb<\/title>\n<meta name=\"robots\" content=\"index, follow, max-snippet:-1, max-image-preview:large, max-video-preview:-1\" \/>\n<link rel=\"canonical\" href=\"https:\/\/leregardlibre.com\/de\/produkt\/unternehmergeist-auftrag\/\" \/>\n<meta property=\"og:locale\" content=\"de_DE\" \/>\n<meta property=\"og:type\" content=\"article\" \/>\n<meta property=\"og:title\" content=\"Le Regard Libre hors-s\u00e9rie N\u00b05 | \u00abVive l\u2019esprit d\u2019entreprise!\u00bb\" \/>\n<meta property=\"og:description\" content=\"Le Regard Libre hors-s\u00e9rie N\u00b05 | \u00abVive l\u2019esprit d\u2019entreprise!\u00bb Exemplaire papier Suppl\u00e9ment joint dans l\u2019\u00e9dition courante de mars 2025 pour...\" \/>\n<meta property=\"og:url\" content=\"https:\/\/leregardlibre.com\/de\/produkt\/unternehmergeist-auftrag\/\" \/>\n<meta property=\"og:site_name\" content=\"Le Regard Libre\" \/>\n<meta property=\"article:publisher\" content=\"https:\/\/www.facebook.com\/leregardlibre\/\" \/>\n<meta property=\"article:modified_time\" content=\"2026-03-10T06:45:58+00:00\" \/>\n<meta property=\"og:image\" content=\"https:\/\/leregardlibre.com\/wp-content\/uploads\/2025\/02\/une-le-regard-libre-hors-serie-n5_esprit-entrepreneurial-e1740492289943.jpg\" \/>\n\t<meta property=\"og:image:width\" content=\"1357\" \/>\n\t<meta property=\"og:image:height\" content=\"1920\" \/>\n\t<meta property=\"og:image:type\" content=\"image\/jpeg\" \/>\n<meta name=\"twitter:card\" content=\"summary_large_image\" \/>\n<meta name=\"twitter:site\" content=\"@LeRegardLibre\" \/>\n<meta name=\"twitter:label1\" content=\"Gesch\u00e4tzte Lesezeit\" \/>\n\t<meta name=\"twitter:data1\" content=\"2\u00a0Minuten\" \/>\n<script type=\"application\/ld+json\" class=\"yoast-schema-graph\">{\"@context\":\"https:\\\/\\\/schema.org\",\"@graph\":[{\"@type\":\"WebPage\",\"@id\":\"https:\\\/\\\/leregardlibre.com\\\/produit\\\/esprit-dentreprise-commande\\\/\",\"url\":\"https:\\\/\\\/leregardlibre.com\\\/produit\\\/esprit-dentreprise-commande\\\/\",\"name\":\"Le Regard Libre hors-s\u00e9rie N\u00b05 | \u00abVive l\u2019esprit d\u2019entreprise!\u00bb\",\"isPartOf\":{\"@id\":\"https:\\\/\\\/leregardlibre.com\\\/#website\"},\"primaryImageOfPage\":{\"@id\":\"https:\\\/\\\/leregardlibre.com\\\/produit\\\/esprit-dentreprise-commande\\\/#primaryimage\"},\"image\":{\"@id\":\"https:\\\/\\\/leregardlibre.com\\\/produit\\\/esprit-dentreprise-commande\\\/#primaryimage\"},\"thumbnailUrl\":\"https:\\\/\\\/leregardlibre.com\\\/wp-content\\\/uploads\\\/2025\\\/02\\\/une-le-regard-libre-hors-serie-n5_esprit-entrepreneurial-e1740492289943.jpg\",\"datePublished\":\"2025-02-25T10:25:16+00:00\",\"dateModified\":\"2026-03-10T06:45:58+00:00\",\"breadcrumb\":{\"@id\":\"https:\\\/\\\/leregardlibre.com\\\/produit\\\/esprit-dentreprise-commande\\\/#breadcrumb\"},\"inLanguage\":\"de\",\"potentialAction\":[{\"@type\":\"ReadAction\",\"target\":[\"https:\\\/\\\/leregardlibre.com\\\/produit\\\/esprit-dentreprise-commande\\\/\"]}]},{\"@type\":\"ImageObject\",\"inLanguage\":\"de\",\"@id\":\"https:\\\/\\\/leregardlibre.com\\\/produit\\\/esprit-dentreprise-commande\\\/#primaryimage\",\"url\":\"https:\\\/\\\/leregardlibre.com\\\/wp-content\\\/uploads\\\/2025\\\/02\\\/une-le-regard-libre-hors-serie-n5_esprit-entrepreneurial-e1740492289943.jpg\",\"contentUrl\":\"https:\\\/\\\/leregardlibre.com\\\/wp-content\\\/uploads\\\/2025\\\/02\\\/une-le-regard-libre-hors-serie-n5_esprit-entrepreneurial-e1740492289943.jpg\",\"width\":1357,\"height\":1920},{\"@type\":\"BreadcrumbList\",\"@id\":\"https:\\\/\\\/leregardlibre.com\\\/produit\\\/esprit-dentreprise-commande\\\/#breadcrumb\",\"itemListElement\":[{\"@type\":\"ListItem\",\"position\":1,\"name\":\"Accueil\",\"item\":\"https:\\\/\\\/leregardlibre.com\\\/\"},{\"@type\":\"ListItem\",\"position\":2,\"name\":\"Boutique\",\"item\":\"https:\\\/\\\/leregardlibre.com\\\/boutique\\\/\"},{\"@type\":\"ListItem\",\"position\":3,\"name\":\"Le Regard Libre hors-s\u00e9rie N\u00b05 | \u00abVive l\u2019esprit d\u2019entreprise!\u00bb\"}]},{\"@type\":\"WebSite\",\"@id\":\"https:\\\/\\\/leregardlibre.com\\\/#website\",\"url\":\"https:\\\/\\\/leregardlibre.com\\\/\",\"name\":\"Le Regard Libre\",\"description\":\"Premier mensuel suisse de d\u00e9bat\",\"publisher\":{\"@id\":\"https:\\\/\\\/leregardlibre.com\\\/#organization\"},\"potentialAction\":[{\"@type\":\"SearchAction\",\"target\":{\"@type\":\"EntryPoint\",\"urlTemplate\":\"https:\\\/\\\/leregardlibre.com\\\/?s={search_term_string}\"},\"query-input\":{\"@type\":\"PropertyValueSpecification\",\"valueRequired\":true,\"valueName\":\"search_term_string\"}}],\"inLanguage\":\"de\"},{\"@type\":\"Organization\",\"@id\":\"https:\\\/\\\/leregardlibre.com\\\/#organization\",\"name\":\"Le Regard Libre\",\"url\":\"https:\\\/\\\/leregardlibre.com\\\/\",\"logo\":{\"@type\":\"ImageObject\",\"inLanguage\":\"de\",\"@id\":\"https:\\\/\\\/leregardlibre.com\\\/#\\\/schema\\\/logo\\\/image\\\/\",\"url\":\"https:\\\/\\\/leregardlibre.com\\\/wp-content\\\/uploads\\\/2025\\\/08\\\/logo-rl-icone-neg.jpeg\",\"contentUrl\":\"https:\\\/\\\/leregardlibre.com\\\/wp-content\\\/uploads\\\/2025\\\/08\\\/logo-rl-icone-neg.jpeg\",\"width\":557,\"height\":556,\"caption\":\"Le Regard Libre\"},\"image\":{\"@id\":\"https:\\\/\\\/leregardlibre.com\\\/#\\\/schema\\\/logo\\\/image\\\/\"},\"sameAs\":[\"https:\\\/\\\/www.facebook.com\\\/leregardlibre\\\/\",\"https:\\\/\\\/x.com\\\/LeRegardLibre\",\"https:\\\/\\\/www.linkedin.com\\\/company\\\/le-regard-libre\",\"https:\\\/\\\/www.instagram.com\\\/leregardlibre\\\/\",\"http:\\\/\\\/t.me\\\/leregardlibre\",\"https:\\\/\\\/youtube.com\\\/channel\\\/UC6HzGPomj1LsUmlz-sJtITQ\"],\"description\":\"Le Regard Libre est un mensuel suisse de d\u00e9bat intellectuel et culturel. Sa r\u00e9daction est jeune, b\u00e9n\u00e9vole, lib\u00e9rale et pluraliste. Le magazine para\u00eet en ligne et sous forme papier. Sa langue est le fran\u00e7ais.\",\"email\":\"redaction@leregardlibre.com\",\"legalName\":\"Le Regard Libre\",\"foundingDate\":\"2014-01-01\",\"numberOfEmployees\":{\"@type\":\"QuantitativeValue\",\"minValue\":\"11\",\"maxValue\":\"50\"},\"publishingPrinciples\":\"https:\\\/\\\/leregardlibre.com\\\/a-propos\\\/notre-manifeste\\\/\",\"ownershipFundingInfo\":\"https:\\\/\\\/leregardlibre.com\\\/mentions-legales\\\/\",\"actionableFeedbackPolicy\":\"https:\\\/\\\/leregardlibre.com\\\/conditions-generales-de-vente\\\/\"}]}<\/script>\n<!-- \/ Yoast SEO Premium plugin. -->","yoast_head_json":{"title":"Le Regard Libre hors-s\u00e9rie Nr. 5 | \u00abEs lebe der Unternehmergeist!\u00bb","robots":{"index":"index","follow":"follow","max-snippet":"max-snippet:-1","max-image-preview":"max-image-preview:large","max-video-preview":"max-video-preview:-1"},"canonical":"https:\/\/leregardlibre.com\/de\/produkt\/unternehmergeist-auftrag\/","og_locale":"de_DE","og_type":"article","og_title":"Le Regard Libre hors-s\u00e9rie N\u00b05 | \u00abVive l\u2019esprit d\u2019entreprise!\u00bb","og_description":"Le Regard Libre hors-s\u00e9rie N\u00b05 | \u00abVive l\u2019esprit d\u2019entreprise!\u00bb Exemplaire papier Suppl\u00e9ment joint dans l\u2019\u00e9dition courante de mars 2025 pour...","og_url":"https:\/\/leregardlibre.com\/de\/produkt\/unternehmergeist-auftrag\/","og_site_name":"Le Regard Libre","article_publisher":"https:\/\/www.facebook.com\/leregardlibre\/","article_modified_time":"2026-03-10T06:45:58+00:00","og_image":[{"width":1357,"height":1920,"url":"https:\/\/leregardlibre.com\/wp-content\/uploads\/2025\/02\/une-le-regard-libre-hors-serie-n5_esprit-entrepreneurial-e1740492289943.jpg","type":"image\/jpeg"}],"twitter_card":"summary_large_image","twitter_site":"@LeRegardLibre","twitter_misc":{"Gesch\u00e4tzte Lesezeit":"2\u00a0Minuten"},"schema":{"@context":"https:\/\/schema.org","@graph":[{"@type":"WebPage","@id":"https:\/\/leregardlibre.com\/produit\/esprit-dentreprise-commande\/","url":"https:\/\/leregardlibre.com\/produit\/esprit-dentreprise-commande\/","name":"Le Regard Libre hors-s\u00e9rie Nr. 5 | \u00abEs lebe der Unternehmergeist!\u00bb","isPartOf":{"@id":"https:\/\/leregardlibre.com\/#website"},"primaryImageOfPage":{"@id":"https:\/\/leregardlibre.com\/produit\/esprit-dentreprise-commande\/#primaryimage"},"image":{"@id":"https:\/\/leregardlibre.com\/produit\/esprit-dentreprise-commande\/#primaryimage"},"thumbnailUrl":"https:\/\/leregardlibre.com\/wp-content\/uploads\/2025\/02\/une-le-regard-libre-hors-serie-n5_esprit-entrepreneurial-e1740492289943.jpg","datePublished":"2025-02-25T10:25:16+00:00","dateModified":"2026-03-10T06:45:58+00:00","breadcrumb":{"@id":"https:\/\/leregardlibre.com\/produit\/esprit-dentreprise-commande\/#breadcrumb"},"inLanguage":"de","potentialAction":[{"@type":"ReadAction","target":["https:\/\/leregardlibre.com\/produit\/esprit-dentreprise-commande\/"]}]},{"@type":"ImageObject","inLanguage":"de","@id":"https:\/\/leregardlibre.com\/produit\/esprit-dentreprise-commande\/#primaryimage","url":"https:\/\/leregardlibre.com\/wp-content\/uploads\/2025\/02\/une-le-regard-libre-hors-serie-n5_esprit-entrepreneurial-e1740492289943.jpg","contentUrl":"https:\/\/leregardlibre.com\/wp-content\/uploads\/2025\/02\/une-le-regard-libre-hors-serie-n5_esprit-entrepreneurial-e1740492289943.jpg","width":1357,"height":1920},{"@type":"BreadcrumbList","@id":"https:\/\/leregardlibre.com\/produit\/esprit-dentreprise-commande\/#breadcrumb","itemListElement":[{"@type":"ListItem","position":1,"name":"Accueil","item":"https:\/\/leregardlibre.com\/"},{"@type":"ListItem","position":2,"name":"Boutique","item":"https:\/\/leregardlibre.com\/boutique\/"},{"@type":"ListItem","position":3,"name":"Le Regard Libre hors-s\u00e9rie N\u00b05 | \u00abVive l\u2019esprit d\u2019entreprise!\u00bb"}]},{"@type":"WebSite","@id":"https:\/\/leregardlibre.com\/#website","url":"https:\/\/leregardlibre.com\/","name":"Le Regard Libre","description":"Erste Schweizer Monatszeitschrift f\u00fcr Debatten","publisher":{"@id":"https:\/\/leregardlibre.com\/#organization"},"potentialAction":[{"@type":"SearchAction","target":{"@type":"EntryPoint","urlTemplate":"https:\/\/leregardlibre.com\/?s={search_term_string}"},"query-input":{"@type":"PropertyValueSpecification","valueRequired":true,"valueName":"search_term_string"}}],"inLanguage":"de"},{"@type":"Organization","@id":"https:\/\/leregardlibre.com\/#organization","name":"Le Regard Libre","url":"https:\/\/leregardlibre.com\/","logo":{"@type":"ImageObject","inLanguage":"de","@id":"https:\/\/leregardlibre.com\/#\/schema\/logo\/image\/","url":"https:\/\/leregardlibre.com\/wp-content\/uploads\/2025\/08\/logo-rl-icone-neg.jpeg","contentUrl":"https:\/\/leregardlibre.com\/wp-content\/uploads\/2025\/08\/logo-rl-icone-neg.jpeg","width":557,"height":556,"caption":"Le Regard Libre"},"image":{"@id":"https:\/\/leregardlibre.com\/#\/schema\/logo\/image\/"},"sameAs":["https:\/\/www.facebook.com\/leregardlibre\/","https:\/\/x.com\/LeRegardLibre","https:\/\/www.linkedin.com\/company\/le-regard-libre","https:\/\/www.instagram.com\/leregardlibre\/","http:\/\/t.me\/leregardlibre","https:\/\/youtube.com\/channel\/UC6HzGPomj1LsUmlz-sJtITQ"],"description":"Le Regard Libre ist eine Schweizer Monatszeitschrift f\u00fcr intellektuelle und kulturelle Debatten. Seine Redaktion ist jung, ehrenamtlich, liberal und pluralistisch. Das Magazin erscheint online und in gedruckter Form. Seine Sprache ist Franz\u00f6sisch.","email":"redaction@leregardlibre.com","legalName":"Le Regard Libre","foundingDate":"2014-01-01","numberOfEmployees":{"@type":"QuantitativeValue","minValue":"11","maxValue":"50"},"publishingPrinciples":"https:\/\/leregardlibre.com\/a-propos\/notre-manifeste\/","ownershipFundingInfo":"https:\/\/leregardlibre.com\/mentions-legales\/","actionableFeedbackPolicy":"https:\/\/leregardlibre.com\/conditions-generales-de-vente\/"}]}},"_links":{"self":[{"href":"https:\/\/leregardlibre.com\/de\/wp-json\/wp\/v2\/product\/526760","targetHints":{"allow":["GET"]}}],"collection":[{"href":"https:\/\/leregardlibre.com\/de\/wp-json\/wp\/v2\/product"}],"about":[{"href":"https:\/\/leregardlibre.com\/de\/wp-json\/wp\/v2\/types\/product"}],"replies":[{"embeddable":true,"href":"https:\/\/leregardlibre.com\/de\/wp-json\/wp\/v2\/comments?post=526760"}],"wp:featuredmedia":[{"embeddable":true,"href":"https:\/\/leregardlibre.com\/de\/wp-json\/wp\/v2\/media\/526765"}],"wp:attachment":[{"href":"https:\/\/leregardlibre.com\/de\/wp-json\/wp\/v2\/media?parent=526760"}],"wp:term":[{"taxonomy":"product_brand","embeddable":true,"href":"https:\/\/leregardlibre.com\/de\/wp-json\/wp\/v2\/product_brand?post=526760"},{"taxonomy":"product_cat","embeddable":true,"href":"https:\/\/leregardlibre.com\/de\/wp-json\/wp\/v2\/product_cat?post=526760"},{"taxonomy":"product_tag","embeddable":true,"href":"https:\/\/leregardlibre.com\/de\/wp-json\/wp\/v2\/product_tag?post=526760"}],"curies":[{"name":"wp","href":"https:\/\/api.w.org\/{rel}","templated":true}]}}