{"id":529235,"date":"2025-10-06T17:33:40","date_gmt":"2025-10-06T15:33:40","guid":{"rendered":"https:\/\/leregardlibre.com\/?post_type=product&#038;p=529235"},"modified":"2025-11-09T10:27:50","modified_gmt":"2025-11-09T09:27:50","slug":"le-regard-libre-n120-dossier-lenfance-en-crise","status":"publish","type":"product","link":"https:\/\/leregardlibre.com\/de\/produkt\/le-regard-libre-n120-dossier-lenfance-en-crise\/","title":{"rendered":"Le Regard Libre N\u00b0120 | Dossier \u00abKindheit in der Krise\u00bb.\u00bb"},"content":{"rendered":"<p><em>Le Regard Libre<\/em> Nr. 120 | \u00abKindheit in der Krise\u00bb.\u00bb<br \/>\nPapierexemplar<br \/>\nAusgabe vom Oktober 2025<br \/>\nSchickes Papiermagazinformat<\/p>\n<hr \/>\n<p class=\"p1\"><strong><span class=\"s1\">Meinungen und Reflexionen<br \/>\n<\/span><\/strong><span class=\"s1\">05<\/span> Editorial von Antoine-Fr\u00e9d\u00e9ric Bernhard: Wer hat Angst vor den Heterodoxen?<br \/>\n<span class=\"s1\">07<\/span> Ralph M\u00fcllers Patrone: Die Maschine gegen das Wort<br \/>\n<span class=\"s1\">08<\/span> Marianne Grosjean: \u00c4rzte und Therapeuten zusammenbringen<br \/>\n<span class=\"s1\">09<\/span> Lesung von Pascal Couchepin: Der Selbstmord Amerikas, und was dann?<br \/>\n<span class=\"s1\">10<\/span> Die Redaktion ist sich nicht einig: Sollten bestimmte Naturr\u00e4ume gesch\u00fctzt werden?<br \/>\n<span class=\"s1\">11<\/span> Der Test des Monats: <i>Das Zeitalter Milei<\/i> oder die Rache der Freiheit<br \/>\n<span class=\"s1\">12<\/span> Sie t\u00f6teten Charlie Kirk<br \/>\n<span class=\"s1\">14<\/span> Nieder mit dem \u00abPatriarchat\u00bb!<br \/>\n<span class=\"s1\">17<\/span> Wie langweilige Menschen uns reich gemacht haben<\/p>\n<p class=\"p5\"><strong><span class=\"s1\">Dossier: Kindheit in der Krise<br \/>\n<\/span><\/strong><span class=\"s1\">22<\/span> Bildschirmfest<br \/>\n<span class=\"s1\">24<\/span> Die Krise der Schule erfordert ein Aufb\u00e4umen der Rechten<br \/>\n<span class=\"s1\">26<\/span> Nicht alle Hauslehrer waren Heilige<br \/>\n<span class=\"s1\">28<\/span> Der Selbstzerst\u00f6rungsknopf der Moderne<\/p>\n<p class=\"p1\"><strong><span class=\"s1\">Kultur und Notizb\u00fccher<br \/>\n<\/span><\/strong><span class=\"s1\">40<\/span> Freiheit im Objektiv: Die Verantwortung von Dokumentarfilmern<br \/>\n<span class=\"s1\">42<\/span> Musikwissenschaft und Sektierertum<br \/>\n<span class=\"s1\">44<\/span> Die Fotoreportage von Bernard L\u00e9chot: Einsame B\u00e4ume<br \/>\n<span class=\"s1\">50<\/span> In K\u00fcrze: Die <i>cancel culture<\/i>, Eine Vogelbibliothek und ein ChatGPT-Witz<\/p>\n<p class=\"p1\"><span class=\"s2\">52<\/span> Abonnement und M\u00e4zenatentum<br \/>\n<span class=\"s2\">54<\/span> Zitate<\/p>","protected":false},"excerpt":{"rendered":"<p>Le Regard Libre N\u00b0120 | \u00abL\u2019enfance en crise\u00bb Exemplaire papier Edition d\u2019octobre 2025 Format magazine papier chic Opinions et r\u00e9flexions&#8230;<\/p>","protected":false},"featured_media":529239,"comment_status":"open","ping_status":"closed","template":"","meta":{"_acf_changed":false},"product_brand":[],"product_cat":[644340392],"product_tag":[],"class_list":{"0":"post-529235","1":"product","2":"type-product","3":"status-publish","4":"has-post-thumbnail","6":"product_cat-numeros","8":"first","9":"instock","10":"shipping-taxable","11":"purchasable","12":"product-type-variable"},"acf":[],"yoast_head":"<!-- This site is optimized with the Yoast SEO Premium plugin v27.4 (Yoast SEO v27.4) - https:\/\/yoast.com\/product\/yoast-seo-premium-wordpress\/ -->\n<title>Le Regard Libre N\u00b0120 | Dossier \u00abL\u2019enfance en crise\u00bb<\/title>\n<meta name=\"robots\" content=\"index, follow, max-snippet:-1, max-image-preview:large, max-video-preview:-1\" \/>\n<link rel=\"canonical\" href=\"https:\/\/leregardlibre.com\/de\/produkt\/le-regard-libre-n120-dossier-lenfance-en-crise\/\" \/>\n<meta property=\"og:locale\" content=\"de_DE\" \/>\n<meta property=\"og:type\" content=\"article\" \/>\n<meta property=\"og:title\" content=\"Le Regard Libre N\u00b0120 | Dossier \u00abL\u2019enfance en crise\u00bb\" \/>\n<meta property=\"og:description\" content=\"Le Regard Libre N\u00b0120 | \u00abL\u2019enfance en crise\u00bb Exemplaire papier Edition d\u2019octobre 2025 Format magazine papier chic Opinions et r\u00e9flexions...\" \/>\n<meta property=\"og:url\" content=\"https:\/\/leregardlibre.com\/de\/produkt\/le-regard-libre-n120-dossier-lenfance-en-crise\/\" \/>\n<meta property=\"og:site_name\" content=\"Le Regard Libre\" \/>\n<meta property=\"article:publisher\" content=\"https:\/\/www.facebook.com\/leregardlibre\/\" \/>\n<meta property=\"article:modified_time\" content=\"2025-11-09T09:27:50+00:00\" \/>\n<meta property=\"og:image\" content=\"https:\/\/leregardlibre.com\/wp-content\/uploads\/2025\/10\/une-le-regard-libre-n120-e1759765259172.jpg\" \/>\n\t<meta property=\"og:image:width\" content=\"1357\" \/>\n\t<meta property=\"og:image:height\" content=\"1920\" \/>\n\t<meta property=\"og:image:type\" content=\"image\/jpeg\" \/>\n<meta name=\"twitter:card\" content=\"summary_large_image\" \/>\n<meta name=\"twitter:site\" content=\"@LeRegardLibre\" \/>\n<meta name=\"twitter:label1\" content=\"Gesch\u00e4tzte Lesezeit\" \/>\n\t<meta name=\"twitter:data1\" content=\"2\u00a0Minuten\" \/>\n<script type=\"application\/ld+json\" class=\"yoast-schema-graph\">{\"@context\":\"https:\\\/\\\/schema.org\",\"@graph\":[{\"@type\":\"WebPage\",\"@id\":\"https:\\\/\\\/leregardlibre.com\\\/produit\\\/le-regard-libre-n120-dossier-lenfance-en-crise\\\/\",\"url\":\"https:\\\/\\\/leregardlibre.com\\\/produit\\\/le-regard-libre-n120-dossier-lenfance-en-crise\\\/\",\"name\":\"Le Regard Libre N\u00b0120 | Dossier \u00abL\u2019enfance en crise\u00bb\",\"isPartOf\":{\"@id\":\"https:\\\/\\\/leregardlibre.com\\\/#website\"},\"primaryImageOfPage\":{\"@id\":\"https:\\\/\\\/leregardlibre.com\\\/produit\\\/le-regard-libre-n120-dossier-lenfance-en-crise\\\/#primaryimage\"},\"image\":{\"@id\":\"https:\\\/\\\/leregardlibre.com\\\/produit\\\/le-regard-libre-n120-dossier-lenfance-en-crise\\\/#primaryimage\"},\"thumbnailUrl\":\"https:\\\/\\\/leregardlibre.com\\\/wp-content\\\/uploads\\\/2025\\\/10\\\/une-le-regard-libre-n120-e1759765259172.jpg\",\"datePublished\":\"2025-10-06T15:33:40+00:00\",\"dateModified\":\"2025-11-09T09:27:50+00:00\",\"breadcrumb\":{\"@id\":\"https:\\\/\\\/leregardlibre.com\\\/produit\\\/le-regard-libre-n120-dossier-lenfance-en-crise\\\/#breadcrumb\"},\"inLanguage\":\"de\",\"potentialAction\":[{\"@type\":\"ReadAction\",\"target\":[\"https:\\\/\\\/leregardlibre.com\\\/produit\\\/le-regard-libre-n120-dossier-lenfance-en-crise\\\/\"]}]},{\"@type\":\"ImageObject\",\"inLanguage\":\"de\",\"@id\":\"https:\\\/\\\/leregardlibre.com\\\/produit\\\/le-regard-libre-n120-dossier-lenfance-en-crise\\\/#primaryimage\",\"url\":\"https:\\\/\\\/leregardlibre.com\\\/wp-content\\\/uploads\\\/2025\\\/10\\\/une-le-regard-libre-n120-e1759765259172.jpg\",\"contentUrl\":\"https:\\\/\\\/leregardlibre.com\\\/wp-content\\\/uploads\\\/2025\\\/10\\\/une-le-regard-libre-n120-e1759765259172.jpg\",\"width\":1357,\"height\":1920,\"caption\":\"le regard libre enfance\"},{\"@type\":\"BreadcrumbList\",\"@id\":\"https:\\\/\\\/leregardlibre.com\\\/produit\\\/le-regard-libre-n120-dossier-lenfance-en-crise\\\/#breadcrumb\",\"itemListElement\":[{\"@type\":\"ListItem\",\"position\":1,\"name\":\"Accueil\",\"item\":\"https:\\\/\\\/leregardlibre.com\\\/\"},{\"@type\":\"ListItem\",\"position\":2,\"name\":\"Boutique\",\"item\":\"https:\\\/\\\/leregardlibre.com\\\/boutique\\\/\"},{\"@type\":\"ListItem\",\"position\":3,\"name\":\"Le Regard Libre N\u00b0120 | Dossier \u00abL\u2019enfance en crise\u00bb\"}]},{\"@type\":\"WebSite\",\"@id\":\"https:\\\/\\\/leregardlibre.com\\\/#website\",\"url\":\"https:\\\/\\\/leregardlibre.com\\\/\",\"name\":\"Le Regard Libre\",\"description\":\"Premier mensuel suisse de d\u00e9bat\",\"publisher\":{\"@id\":\"https:\\\/\\\/leregardlibre.com\\\/#organization\"},\"potentialAction\":[{\"@type\":\"SearchAction\",\"target\":{\"@type\":\"EntryPoint\",\"urlTemplate\":\"https:\\\/\\\/leregardlibre.com\\\/?s={search_term_string}\"},\"query-input\":{\"@type\":\"PropertyValueSpecification\",\"valueRequired\":true,\"valueName\":\"search_term_string\"}}],\"inLanguage\":\"de\"},{\"@type\":\"Organization\",\"@id\":\"https:\\\/\\\/leregardlibre.com\\\/#organization\",\"name\":\"Le Regard Libre\",\"url\":\"https:\\\/\\\/leregardlibre.com\\\/\",\"logo\":{\"@type\":\"ImageObject\",\"inLanguage\":\"de\",\"@id\":\"https:\\\/\\\/leregardlibre.com\\\/#\\\/schema\\\/logo\\\/image\\\/\",\"url\":\"https:\\\/\\\/leregardlibre.com\\\/wp-content\\\/uploads\\\/2025\\\/08\\\/logo-rl-icone-neg.jpeg\",\"contentUrl\":\"https:\\\/\\\/leregardlibre.com\\\/wp-content\\\/uploads\\\/2025\\\/08\\\/logo-rl-icone-neg.jpeg\",\"width\":557,\"height\":556,\"caption\":\"Le Regard Libre\"},\"image\":{\"@id\":\"https:\\\/\\\/leregardlibre.com\\\/#\\\/schema\\\/logo\\\/image\\\/\"},\"sameAs\":[\"https:\\\/\\\/www.facebook.com\\\/leregardlibre\\\/\",\"https:\\\/\\\/x.com\\\/LeRegardLibre\",\"https:\\\/\\\/www.linkedin.com\\\/company\\\/le-regard-libre\",\"https:\\\/\\\/www.instagram.com\\\/leregardlibre\\\/\",\"http:\\\/\\\/t.me\\\/leregardlibre\",\"https:\\\/\\\/youtube.com\\\/channel\\\/UC6HzGPomj1LsUmlz-sJtITQ\"],\"description\":\"Le Regard Libre est un mensuel suisse de d\u00e9bat intellectuel et culturel. Sa r\u00e9daction est jeune, b\u00e9n\u00e9vole, lib\u00e9rale et pluraliste. Le magazine para\u00eet en ligne et sous forme papier. Sa langue est le fran\u00e7ais.\",\"email\":\"redaction@leregardlibre.com\",\"legalName\":\"Le Regard Libre\",\"foundingDate\":\"2014-01-01\",\"numberOfEmployees\":{\"@type\":\"QuantitativeValue\",\"minValue\":\"11\",\"maxValue\":\"50\"},\"publishingPrinciples\":\"https:\\\/\\\/leregardlibre.com\\\/a-propos\\\/notre-manifeste\\\/\",\"ownershipFundingInfo\":\"https:\\\/\\\/leregardlibre.com\\\/mentions-legales\\\/\",\"actionableFeedbackPolicy\":\"https:\\\/\\\/leregardlibre.com\\\/conditions-generales-de-vente\\\/\"}]}<\/script>\n<!-- \/ Yoast SEO Premium plugin. -->","yoast_head_json":{"title":"Le Regard Libre N\u00b0120 | Dossier \u00abKindheit in der Krise\u00bb.\u00bb","robots":{"index":"index","follow":"follow","max-snippet":"max-snippet:-1","max-image-preview":"max-image-preview:large","max-video-preview":"max-video-preview:-1"},"canonical":"https:\/\/leregardlibre.com\/de\/produkt\/le-regard-libre-n120-dossier-lenfance-en-crise\/","og_locale":"de_DE","og_type":"article","og_title":"Le Regard Libre N\u00b0120 | Dossier \u00abL\u2019enfance en crise\u00bb","og_description":"Le Regard Libre N\u00b0120 | \u00abL\u2019enfance en crise\u00bb Exemplaire papier Edition d\u2019octobre 2025 Format magazine papier chic Opinions et r\u00e9flexions...","og_url":"https:\/\/leregardlibre.com\/de\/produkt\/le-regard-libre-n120-dossier-lenfance-en-crise\/","og_site_name":"Le Regard Libre","article_publisher":"https:\/\/www.facebook.com\/leregardlibre\/","article_modified_time":"2025-11-09T09:27:50+00:00","og_image":[{"width":1357,"height":1920,"url":"https:\/\/leregardlibre.com\/wp-content\/uploads\/2025\/10\/une-le-regard-libre-n120-e1759765259172.jpg","type":"image\/jpeg"}],"twitter_card":"summary_large_image","twitter_site":"@LeRegardLibre","twitter_misc":{"Gesch\u00e4tzte Lesezeit":"2\u00a0Minuten"},"schema":{"@context":"https:\/\/schema.org","@graph":[{"@type":"WebPage","@id":"https:\/\/leregardlibre.com\/produit\/le-regard-libre-n120-dossier-lenfance-en-crise\/","url":"https:\/\/leregardlibre.com\/produit\/le-regard-libre-n120-dossier-lenfance-en-crise\/","name":"Le Regard Libre N\u00b0120 | Dossier \u00abKindheit in der Krise\u00bb.\u00bb","isPartOf":{"@id":"https:\/\/leregardlibre.com\/#website"},"primaryImageOfPage":{"@id":"https:\/\/leregardlibre.com\/produit\/le-regard-libre-n120-dossier-lenfance-en-crise\/#primaryimage"},"image":{"@id":"https:\/\/leregardlibre.com\/produit\/le-regard-libre-n120-dossier-lenfance-en-crise\/#primaryimage"},"thumbnailUrl":"https:\/\/leregardlibre.com\/wp-content\/uploads\/2025\/10\/une-le-regard-libre-n120-e1759765259172.jpg","datePublished":"2025-10-06T15:33:40+00:00","dateModified":"2025-11-09T09:27:50+00:00","breadcrumb":{"@id":"https:\/\/leregardlibre.com\/produit\/le-regard-libre-n120-dossier-lenfance-en-crise\/#breadcrumb"},"inLanguage":"de","potentialAction":[{"@type":"ReadAction","target":["https:\/\/leregardlibre.com\/produit\/le-regard-libre-n120-dossier-lenfance-en-crise\/"]}]},{"@type":"ImageObject","inLanguage":"de","@id":"https:\/\/leregardlibre.com\/produit\/le-regard-libre-n120-dossier-lenfance-en-crise\/#primaryimage","url":"https:\/\/leregardlibre.com\/wp-content\/uploads\/2025\/10\/une-le-regard-libre-n120-e1759765259172.jpg","contentUrl":"https:\/\/leregardlibre.com\/wp-content\/uploads\/2025\/10\/une-le-regard-libre-n120-e1759765259172.jpg","width":1357,"height":1920,"caption":"le regard libre enfance"},{"@type":"BreadcrumbList","@id":"https:\/\/leregardlibre.com\/produit\/le-regard-libre-n120-dossier-lenfance-en-crise\/#breadcrumb","itemListElement":[{"@type":"ListItem","position":1,"name":"Accueil","item":"https:\/\/leregardlibre.com\/"},{"@type":"ListItem","position":2,"name":"Boutique","item":"https:\/\/leregardlibre.com\/boutique\/"},{"@type":"ListItem","position":3,"name":"Le Regard Libre N\u00b0120 | Dossier \u00abL\u2019enfance en crise\u00bb"}]},{"@type":"WebSite","@id":"https:\/\/leregardlibre.com\/#website","url":"https:\/\/leregardlibre.com\/","name":"Le Regard Libre","description":"Erste Schweizer Monatszeitschrift f\u00fcr Debatten","publisher":{"@id":"https:\/\/leregardlibre.com\/#organization"},"potentialAction":[{"@type":"SearchAction","target":{"@type":"EntryPoint","urlTemplate":"https:\/\/leregardlibre.com\/?s={search_term_string}"},"query-input":{"@type":"PropertyValueSpecification","valueRequired":true,"valueName":"search_term_string"}}],"inLanguage":"de"},{"@type":"Organization","@id":"https:\/\/leregardlibre.com\/#organization","name":"Le Regard Libre","url":"https:\/\/leregardlibre.com\/","logo":{"@type":"ImageObject","inLanguage":"de","@id":"https:\/\/leregardlibre.com\/#\/schema\/logo\/image\/","url":"https:\/\/leregardlibre.com\/wp-content\/uploads\/2025\/08\/logo-rl-icone-neg.jpeg","contentUrl":"https:\/\/leregardlibre.com\/wp-content\/uploads\/2025\/08\/logo-rl-icone-neg.jpeg","width":557,"height":556,"caption":"Le Regard Libre"},"image":{"@id":"https:\/\/leregardlibre.com\/#\/schema\/logo\/image\/"},"sameAs":["https:\/\/www.facebook.com\/leregardlibre\/","https:\/\/x.com\/LeRegardLibre","https:\/\/www.linkedin.com\/company\/le-regard-libre","https:\/\/www.instagram.com\/leregardlibre\/","http:\/\/t.me\/leregardlibre","https:\/\/youtube.com\/channel\/UC6HzGPomj1LsUmlz-sJtITQ"],"description":"Le Regard Libre ist eine Schweizer Monatszeitschrift f\u00fcr intellektuelle und kulturelle Debatten. Seine Redaktion ist jung, ehrenamtlich, liberal und pluralistisch. Das Magazin erscheint online und in gedruckter Form. Seine Sprache ist Franz\u00f6sisch.","email":"redaction@leregardlibre.com","legalName":"Le Regard Libre","foundingDate":"2014-01-01","numberOfEmployees":{"@type":"QuantitativeValue","minValue":"11","maxValue":"50"},"publishingPrinciples":"https:\/\/leregardlibre.com\/a-propos\/notre-manifeste\/","ownershipFundingInfo":"https:\/\/leregardlibre.com\/mentions-legales\/","actionableFeedbackPolicy":"https:\/\/leregardlibre.com\/conditions-generales-de-vente\/"}]}},"_links":{"self":[{"href":"https:\/\/leregardlibre.com\/de\/wp-json\/wp\/v2\/product\/529235","targetHints":{"allow":["GET"]}}],"collection":[{"href":"https:\/\/leregardlibre.com\/de\/wp-json\/wp\/v2\/product"}],"about":[{"href":"https:\/\/leregardlibre.com\/de\/wp-json\/wp\/v2\/types\/product"}],"replies":[{"embeddable":true,"href":"https:\/\/leregardlibre.com\/de\/wp-json\/wp\/v2\/comments?post=529235"}],"wp:featuredmedia":[{"embeddable":true,"href":"https:\/\/leregardlibre.com\/de\/wp-json\/wp\/v2\/media\/529239"}],"wp:attachment":[{"href":"https:\/\/leregardlibre.com\/de\/wp-json\/wp\/v2\/media?parent=529235"}],"wp:term":[{"taxonomy":"product_brand","embeddable":true,"href":"https:\/\/leregardlibre.com\/de\/wp-json\/wp\/v2\/product_brand?post=529235"},{"taxonomy":"product_cat","embeddable":true,"href":"https:\/\/leregardlibre.com\/de\/wp-json\/wp\/v2\/product_cat?post=529235"},{"taxonomy":"product_tag","embeddable":true,"href":"https:\/\/leregardlibre.com\/de\/wp-json\/wp\/v2\/product_tag?post=529235"}],"curies":[{"name":"wp","href":"https:\/\/api.w.org\/{rel}","templated":true}]}}