{"id":531670,"date":"2026-03-11T10:29:06","date_gmt":"2026-03-11T09:29:06","guid":{"rendered":"https:\/\/leregardlibre.com\/?post_type=product&#038;p=531670"},"modified":"2026-04-18T23:32:18","modified_gmt":"2026-04-18T21:32:18","slug":"le-regard-libre-n124-dossier-le-peuple-quesaco","status":"publish","type":"product","link":"https:\/\/leregardlibre.com\/de\/produkt\/le-regard-libre-n124-dossier-le-peuple-quesaco\/","title":{"rendered":"Le Regard Libre N\u00b0124 | Dossier \u00abDas Volk, was ist das?\u00bb"},"content":{"rendered":"<p><em>Le Regard Libre<\/em> Nr. 124 | Dossier \u00abDas Volk, was ist das?\u00bb<br \/>\nPapierexemplar<br \/>\nAusgabe vom M\u00e4rz 2026<br \/>\nSchickes Papiermagazinformat<\/p>\n<hr \/>\n<p class=\"p1\"><strong><span class=\"s1\">Meinungen und Reflexionen<br \/>\n<\/span><\/strong><span class=\"s2\">05<\/span> Leitartikel von Jonas Follonier: Von <i>Charlie Hebdo<\/i> an Jacques Baud, eine illiberale Schweiz<br \/>\n<span class=\"s2\">07<\/span> Ralph M\u00fcllers Patrone: Ein Spiegel, der unserem Bewusstsein vorgehalten wird<br \/>\n<span class=\"s2\">08<\/span> Marianne Grosjean: Tundra und die Besteuerung von Ehepaaren<br \/>\n<span class=\"s2\">09<\/span> Die Lesung von Pascal Couchepin:<i>James<\/i> von Percival Everett<br \/>\n<span class=\"s2\">10<\/span> Meinungsverschiedenheit: Sind Literaturpreise generell Qualit\u00e4tsindikatoren?<br \/>\n<span class=\"s2\">11<\/span> Eine neue \u00abIdeelle Landesverteidigung\u00bb zur St\u00e4rkung des Zusammenhalts<br \/>\n<span class=\"s2\">12<\/span> Der Test des Monats: <i>Afrika gegen die Demokratie (\u00abL\u2019Afrique contre la d\u00e9mocratie\u00bb)<\/i> von Ousmane Ndiaye<br \/>\n<span class=\"s2\">13<\/span> <span class=\"s3\">Welche Schweiz f\u00fcr 2050? Pascal Meyer, Gr\u00fcnder von QoQa, er\u00f6ffnet unsere Reihe<br \/>\n<\/span><span class=\"s2\">16<\/span> Georges Martin: \u00abDie Schweizer Neutralit\u00e4t ist krank, aber nicht tot\u00bb.\u00bb<\/p>\n<p class=\"p4\"><strong><span class=\"s1\">Dossier: Das Volk - was ist das?<br \/>\n<\/span><\/strong><span class=\"s2\">22<\/span> Etienne-Alexandre Beauregard: \u00abDie Nation steht im Gegensatz zum Stamm\u00bb.\u00bb<br \/>\n<span class=\"s2\">26<\/span> Girard und Yarvin, die beiden Vordenker des Trumpschen Populismus<br \/>\n<span class=\"s2\">28<\/span> Die Erschaffung eines Volkes durch die Schwarzen Husaren der Republik<br \/>\n<span class=\"s2\">30<\/span> Populismus ist kein zeitgen\u00f6ssisches Ph\u00e4nomen<br \/>\n<span class=\"s2\">32<\/span> Gew\u00e4hlt und virtuell, das Schweizer Volk entmystifiziert durch den Historiker Fran\u00e7ois Walter<\/p>\n<p class=\"p1\"><strong><span class=\"s1\">Kultur und Notizb\u00fccher<br \/>\n<\/span><\/strong><span class=\"s2\">38<\/span> Trope: Ir\u00e8ne Frain, das ganze Gold der Versprechungen<br \/>\n<span class=\"s2\">40<\/span> Freiheit in der Zielsetzung:<i>N\u00fcrnberg<\/i>, die Schrecken der Nazis mit W\u00fcrde behandeln<br \/>\n<span class=\"s2\">42<\/span> <i>Pluribus<\/i>: Die Revolte des Individuums<br \/>\n<span class=\"s2\">44<\/span> Fotoreportage von Bernard L\u00e9chot: LUMA - die helvetische Arl\u00e9sienne<br \/>\n<span class=\"s2\">50<\/span> In K\u00fcrze: Cendrars, Bouvier und ein Witz von ChatGPT<\/p>\n<p class=\"p1\"><span class=\"s2\">52<\/span> Abonnement und M\u00e4zenatentum<br \/>\n<span class=\"s2\">54<\/span> Zitate<\/p>","protected":false},"excerpt":{"rendered":"<p>Le Regard Libre N\u00b0124 | Dossier \u00abLe peuple, qu\u00e9saco?\u00bb Exemplaire papier Edition de mars 2026 Format magazine papier chic Opinions&#8230;<\/p>","protected":false},"featured_media":531673,"comment_status":"open","ping_status":"closed","template":"","meta":{"_acf_changed":false},"product_brand":[],"product_cat":[644340392],"product_tag":[],"class_list":{"0":"post-531670","1":"product","2":"type-product","3":"status-publish","4":"has-post-thumbnail","6":"product_cat-numeros","8":"first","9":"instock","10":"shipping-taxable","11":"purchasable","12":"product-type-variable"},"acf":[],"yoast_head":"<!-- This site is optimized with the Yoast SEO Premium plugin v27.4 (Yoast SEO v27.4) - https:\/\/yoast.com\/product\/yoast-seo-premium-wordpress\/ -->\n<title>Le Regard Libre N\u00b0124 | Dossier \u00abLe peuple, qu\u00e9saco?\u00bb<\/title>\n<meta name=\"robots\" content=\"index, follow, max-snippet:-1, max-image-preview:large, max-video-preview:-1\" \/>\n<link rel=\"canonical\" href=\"https:\/\/leregardlibre.com\/de\/produkt\/le-regard-libre-n124-dossier-le-peuple-quesaco\/\" \/>\n<meta property=\"og:locale\" content=\"de_DE\" \/>\n<meta property=\"og:type\" content=\"article\" \/>\n<meta property=\"og:title\" content=\"Le Regard Libre N\u00b0124 | Dossier \u00abLe peuple, qu\u00e9saco?\u00bb\" \/>\n<meta property=\"og:description\" content=\"Le Regard Libre N\u00b0124 | Dossier \u00abLe peuple, qu\u00e9saco?\u00bb Exemplaire papier Edition de mars 2026 Format magazine papier chic Opinions...\" \/>\n<meta property=\"og:url\" content=\"https:\/\/leregardlibre.com\/de\/produkt\/le-regard-libre-n124-dossier-le-peuple-quesaco\/\" \/>\n<meta property=\"og:site_name\" content=\"Le Regard Libre\" \/>\n<meta property=\"article:publisher\" content=\"https:\/\/www.facebook.com\/leregardlibre\/\" \/>\n<meta property=\"article:modified_time\" content=\"2026-04-18T21:32:18+00:00\" \/>\n<meta property=\"og:image\" content=\"https:\/\/leregardlibre.com\/wp-content\/uploads\/2026\/03\/une-le-regard-libre-n-124-scaled.jpg\" \/>\n\t<meta property=\"og:image:width\" content=\"1810\" \/>\n\t<meta property=\"og:image:height\" content=\"2560\" \/>\n\t<meta property=\"og:image:type\" content=\"image\/jpeg\" \/>\n<meta name=\"twitter:card\" content=\"summary_large_image\" \/>\n<meta name=\"twitter:site\" content=\"@LeRegardLibre\" \/>\n<meta name=\"twitter:label1\" content=\"Gesch\u00e4tzte Lesezeit\" \/>\n\t<meta name=\"twitter:data1\" content=\"2\u00a0Minuten\" \/>\n<script type=\"application\/ld+json\" class=\"yoast-schema-graph\">{\"@context\":\"https:\\\/\\\/schema.org\",\"@graph\":[{\"@type\":\"WebPage\",\"@id\":\"https:\\\/\\\/leregardlibre.com\\\/produit\\\/le-regard-libre-n124-dossier-le-peuple-quesaco\\\/\",\"url\":\"https:\\\/\\\/leregardlibre.com\\\/produit\\\/le-regard-libre-n124-dossier-le-peuple-quesaco\\\/\",\"name\":\"Le Regard Libre N\u00b0124 | Dossier \u00abLe peuple, qu\u00e9saco?\u00bb\",\"isPartOf\":{\"@id\":\"https:\\\/\\\/leregardlibre.com\\\/#website\"},\"primaryImageOfPage\":{\"@id\":\"https:\\\/\\\/leregardlibre.com\\\/produit\\\/le-regard-libre-n124-dossier-le-peuple-quesaco\\\/#primaryimage\"},\"image\":{\"@id\":\"https:\\\/\\\/leregardlibre.com\\\/produit\\\/le-regard-libre-n124-dossier-le-peuple-quesaco\\\/#primaryimage\"},\"thumbnailUrl\":\"https:\\\/\\\/leregardlibre.com\\\/wp-content\\\/uploads\\\/2026\\\/03\\\/une-le-regard-libre-n-124-scaled.jpg\",\"datePublished\":\"2026-03-11T09:29:06+00:00\",\"dateModified\":\"2026-04-18T21:32:18+00:00\",\"breadcrumb\":{\"@id\":\"https:\\\/\\\/leregardlibre.com\\\/produit\\\/le-regard-libre-n124-dossier-le-peuple-quesaco\\\/#breadcrumb\"},\"inLanguage\":\"de\",\"potentialAction\":[{\"@type\":\"ReadAction\",\"target\":[\"https:\\\/\\\/leregardlibre.com\\\/produit\\\/le-regard-libre-n124-dossier-le-peuple-quesaco\\\/\"]}]},{\"@type\":\"ImageObject\",\"inLanguage\":\"de\",\"@id\":\"https:\\\/\\\/leregardlibre.com\\\/produit\\\/le-regard-libre-n124-dossier-le-peuple-quesaco\\\/#primaryimage\",\"url\":\"https:\\\/\\\/leregardlibre.com\\\/wp-content\\\/uploads\\\/2026\\\/03\\\/une-le-regard-libre-n-124-scaled.jpg\",\"contentUrl\":\"https:\\\/\\\/leregardlibre.com\\\/wp-content\\\/uploads\\\/2026\\\/03\\\/une-le-regard-libre-n-124-scaled.jpg\",\"width\":1810,\"height\":2560,\"caption\":\"Une Le Regard Libre N\u00b0 124\"},{\"@type\":\"BreadcrumbList\",\"@id\":\"https:\\\/\\\/leregardlibre.com\\\/produit\\\/le-regard-libre-n124-dossier-le-peuple-quesaco\\\/#breadcrumb\",\"itemListElement\":[{\"@type\":\"ListItem\",\"position\":1,\"name\":\"Accueil\",\"item\":\"https:\\\/\\\/leregardlibre.com\\\/\"},{\"@type\":\"ListItem\",\"position\":2,\"name\":\"Boutique\",\"item\":\"https:\\\/\\\/leregardlibre.com\\\/boutique\\\/\"},{\"@type\":\"ListItem\",\"position\":3,\"name\":\"Le Regard Libre N\u00b0124 | Dossier \u00abLe peuple, qu\u00e9saco?\u00bb\"}]},{\"@type\":\"WebSite\",\"@id\":\"https:\\\/\\\/leregardlibre.com\\\/#website\",\"url\":\"https:\\\/\\\/leregardlibre.com\\\/\",\"name\":\"Le Regard Libre\",\"description\":\"Premier mensuel suisse de d\u00e9bat\",\"publisher\":{\"@id\":\"https:\\\/\\\/leregardlibre.com\\\/#organization\"},\"potentialAction\":[{\"@type\":\"SearchAction\",\"target\":{\"@type\":\"EntryPoint\",\"urlTemplate\":\"https:\\\/\\\/leregardlibre.com\\\/?s={search_term_string}\"},\"query-input\":{\"@type\":\"PropertyValueSpecification\",\"valueRequired\":true,\"valueName\":\"search_term_string\"}}],\"inLanguage\":\"de\"},{\"@type\":\"Organization\",\"@id\":\"https:\\\/\\\/leregardlibre.com\\\/#organization\",\"name\":\"Le Regard Libre\",\"url\":\"https:\\\/\\\/leregardlibre.com\\\/\",\"logo\":{\"@type\":\"ImageObject\",\"inLanguage\":\"de\",\"@id\":\"https:\\\/\\\/leregardlibre.com\\\/#\\\/schema\\\/logo\\\/image\\\/\",\"url\":\"https:\\\/\\\/leregardlibre.com\\\/wp-content\\\/uploads\\\/2025\\\/08\\\/logo-rl-icone-neg.jpeg\",\"contentUrl\":\"https:\\\/\\\/leregardlibre.com\\\/wp-content\\\/uploads\\\/2025\\\/08\\\/logo-rl-icone-neg.jpeg\",\"width\":557,\"height\":556,\"caption\":\"Le Regard Libre\"},\"image\":{\"@id\":\"https:\\\/\\\/leregardlibre.com\\\/#\\\/schema\\\/logo\\\/image\\\/\"},\"sameAs\":[\"https:\\\/\\\/www.facebook.com\\\/leregardlibre\\\/\",\"https:\\\/\\\/x.com\\\/LeRegardLibre\",\"https:\\\/\\\/www.linkedin.com\\\/company\\\/le-regard-libre\",\"https:\\\/\\\/www.instagram.com\\\/leregardlibre\\\/\",\"http:\\\/\\\/t.me\\\/leregardlibre\",\"https:\\\/\\\/youtube.com\\\/channel\\\/UC6HzGPomj1LsUmlz-sJtITQ\"],\"description\":\"Le Regard Libre est un mensuel suisse de d\u00e9bat intellectuel et culturel. Sa r\u00e9daction est jeune, b\u00e9n\u00e9vole, lib\u00e9rale et pluraliste. Le magazine para\u00eet en ligne et sous forme papier. Sa langue est le fran\u00e7ais.\",\"email\":\"redaction@leregardlibre.com\",\"legalName\":\"Le Regard Libre\",\"foundingDate\":\"2014-01-01\",\"numberOfEmployees\":{\"@type\":\"QuantitativeValue\",\"minValue\":\"11\",\"maxValue\":\"50\"},\"publishingPrinciples\":\"https:\\\/\\\/leregardlibre.com\\\/a-propos\\\/notre-manifeste\\\/\",\"ownershipFundingInfo\":\"https:\\\/\\\/leregardlibre.com\\\/mentions-legales\\\/\",\"actionableFeedbackPolicy\":\"https:\\\/\\\/leregardlibre.com\\\/conditions-generales-de-vente\\\/\"}]}<\/script>\n<!-- \/ Yoast SEO Premium plugin. -->","yoast_head_json":{"title":"Le Regard Libre N\u00b0124 | Dossier \u00abDas Volk, was ist das?\u00bb","robots":{"index":"index","follow":"follow","max-snippet":"max-snippet:-1","max-image-preview":"max-image-preview:large","max-video-preview":"max-video-preview:-1"},"canonical":"https:\/\/leregardlibre.com\/de\/produkt\/le-regard-libre-n124-dossier-le-peuple-quesaco\/","og_locale":"de_DE","og_type":"article","og_title":"Le Regard Libre N\u00b0124 | Dossier \u00abLe peuple, qu\u00e9saco?\u00bb","og_description":"Le Regard Libre N\u00b0124 | Dossier \u00abLe peuple, qu\u00e9saco?\u00bb Exemplaire papier Edition de mars 2026 Format magazine papier chic Opinions...","og_url":"https:\/\/leregardlibre.com\/de\/produkt\/le-regard-libre-n124-dossier-le-peuple-quesaco\/","og_site_name":"Le Regard Libre","article_publisher":"https:\/\/www.facebook.com\/leregardlibre\/","article_modified_time":"2026-04-18T21:32:18+00:00","og_image":[{"width":1810,"height":2560,"url":"https:\/\/leregardlibre.com\/wp-content\/uploads\/2026\/03\/une-le-regard-libre-n-124-scaled.jpg","type":"image\/jpeg"}],"twitter_card":"summary_large_image","twitter_site":"@LeRegardLibre","twitter_misc":{"Gesch\u00e4tzte Lesezeit":"2\u00a0Minuten"},"schema":{"@context":"https:\/\/schema.org","@graph":[{"@type":"WebPage","@id":"https:\/\/leregardlibre.com\/produit\/le-regard-libre-n124-dossier-le-peuple-quesaco\/","url":"https:\/\/leregardlibre.com\/produit\/le-regard-libre-n124-dossier-le-peuple-quesaco\/","name":"Le Regard Libre N\u00b0124 | Dossier \u00abDas Volk, was ist das?\u00bb","isPartOf":{"@id":"https:\/\/leregardlibre.com\/#website"},"primaryImageOfPage":{"@id":"https:\/\/leregardlibre.com\/produit\/le-regard-libre-n124-dossier-le-peuple-quesaco\/#primaryimage"},"image":{"@id":"https:\/\/leregardlibre.com\/produit\/le-regard-libre-n124-dossier-le-peuple-quesaco\/#primaryimage"},"thumbnailUrl":"https:\/\/leregardlibre.com\/wp-content\/uploads\/2026\/03\/une-le-regard-libre-n-124-scaled.jpg","datePublished":"2026-03-11T09:29:06+00:00","dateModified":"2026-04-18T21:32:18+00:00","breadcrumb":{"@id":"https:\/\/leregardlibre.com\/produit\/le-regard-libre-n124-dossier-le-peuple-quesaco\/#breadcrumb"},"inLanguage":"de","potentialAction":[{"@type":"ReadAction","target":["https:\/\/leregardlibre.com\/produit\/le-regard-libre-n124-dossier-le-peuple-quesaco\/"]}]},{"@type":"ImageObject","inLanguage":"de","@id":"https:\/\/leregardlibre.com\/produit\/le-regard-libre-n124-dossier-le-peuple-quesaco\/#primaryimage","url":"https:\/\/leregardlibre.com\/wp-content\/uploads\/2026\/03\/une-le-regard-libre-n-124-scaled.jpg","contentUrl":"https:\/\/leregardlibre.com\/wp-content\/uploads\/2026\/03\/une-le-regard-libre-n-124-scaled.jpg","width":1810,"height":2560,"caption":"Une Le Regard Libre N\u00b0 124"},{"@type":"BreadcrumbList","@id":"https:\/\/leregardlibre.com\/produit\/le-regard-libre-n124-dossier-le-peuple-quesaco\/#breadcrumb","itemListElement":[{"@type":"ListItem","position":1,"name":"Accueil","item":"https:\/\/leregardlibre.com\/"},{"@type":"ListItem","position":2,"name":"Boutique","item":"https:\/\/leregardlibre.com\/boutique\/"},{"@type":"ListItem","position":3,"name":"Le Regard Libre N\u00b0124 | Dossier \u00abLe peuple, qu\u00e9saco?\u00bb"}]},{"@type":"WebSite","@id":"https:\/\/leregardlibre.com\/#website","url":"https:\/\/leregardlibre.com\/","name":"Le Regard Libre","description":"Erste Schweizer Monatszeitschrift f\u00fcr Debatten","publisher":{"@id":"https:\/\/leregardlibre.com\/#organization"},"potentialAction":[{"@type":"SearchAction","target":{"@type":"EntryPoint","urlTemplate":"https:\/\/leregardlibre.com\/?s={search_term_string}"},"query-input":{"@type":"PropertyValueSpecification","valueRequired":true,"valueName":"search_term_string"}}],"inLanguage":"de"},{"@type":"Organization","@id":"https:\/\/leregardlibre.com\/#organization","name":"Le Regard Libre","url":"https:\/\/leregardlibre.com\/","logo":{"@type":"ImageObject","inLanguage":"de","@id":"https:\/\/leregardlibre.com\/#\/schema\/logo\/image\/","url":"https:\/\/leregardlibre.com\/wp-content\/uploads\/2025\/08\/logo-rl-icone-neg.jpeg","contentUrl":"https:\/\/leregardlibre.com\/wp-content\/uploads\/2025\/08\/logo-rl-icone-neg.jpeg","width":557,"height":556,"caption":"Le Regard Libre"},"image":{"@id":"https:\/\/leregardlibre.com\/#\/schema\/logo\/image\/"},"sameAs":["https:\/\/www.facebook.com\/leregardlibre\/","https:\/\/x.com\/LeRegardLibre","https:\/\/www.linkedin.com\/company\/le-regard-libre","https:\/\/www.instagram.com\/leregardlibre\/","http:\/\/t.me\/leregardlibre","https:\/\/youtube.com\/channel\/UC6HzGPomj1LsUmlz-sJtITQ"],"description":"Le Regard Libre ist eine Schweizer Monatszeitschrift f\u00fcr intellektuelle und kulturelle Debatten. Seine Redaktion ist jung, ehrenamtlich, liberal und pluralistisch. Das Magazin erscheint online und in gedruckter Form. Seine Sprache ist Franz\u00f6sisch.","email":"redaction@leregardlibre.com","legalName":"Le Regard Libre","foundingDate":"2014-01-01","numberOfEmployees":{"@type":"QuantitativeValue","minValue":"11","maxValue":"50"},"publishingPrinciples":"https:\/\/leregardlibre.com\/a-propos\/notre-manifeste\/","ownershipFundingInfo":"https:\/\/leregardlibre.com\/mentions-legales\/","actionableFeedbackPolicy":"https:\/\/leregardlibre.com\/conditions-generales-de-vente\/"}]}},"_links":{"self":[{"href":"https:\/\/leregardlibre.com\/de\/wp-json\/wp\/v2\/product\/531670","targetHints":{"allow":["GET"]}}],"collection":[{"href":"https:\/\/leregardlibre.com\/de\/wp-json\/wp\/v2\/product"}],"about":[{"href":"https:\/\/leregardlibre.com\/de\/wp-json\/wp\/v2\/types\/product"}],"replies":[{"embeddable":true,"href":"https:\/\/leregardlibre.com\/de\/wp-json\/wp\/v2\/comments?post=531670"}],"wp:featuredmedia":[{"embeddable":true,"href":"https:\/\/leregardlibre.com\/de\/wp-json\/wp\/v2\/media\/531673"}],"wp:attachment":[{"href":"https:\/\/leregardlibre.com\/de\/wp-json\/wp\/v2\/media?parent=531670"}],"wp:term":[{"taxonomy":"product_brand","embeddable":true,"href":"https:\/\/leregardlibre.com\/de\/wp-json\/wp\/v2\/product_brand?post=531670"},{"taxonomy":"product_cat","embeddable":true,"href":"https:\/\/leregardlibre.com\/de\/wp-json\/wp\/v2\/product_cat?post=531670"},{"taxonomy":"product_tag","embeddable":true,"href":"https:\/\/leregardlibre.com\/de\/wp-json\/wp\/v2\/product_tag?post=531670"}],"curies":[{"name":"wp","href":"https:\/\/api.w.org\/{rel}","templated":true}]}}