{"id":508758,"date":"2022-08-31T16:20:03","date_gmt":"2022-08-31T14:20:03","guid":{"rendered":"https:\/\/leregardlibre.com\/?page_id=508758"},"modified":"2026-04-21T15:52:13","modified_gmt":"2026-04-21T13:52:13","slug":"events","status":"publish","type":"page","link":"https:\/\/leregardlibre.com\/en\/events\/","title":{"rendered":"Events"},"content":{"rendered":"<div data-elementor-type=\"wp-page\" data-elementor-id=\"508758\" class=\"elementor elementor-508758\">\n\t\t\t\t\t\t<section class=\"elementor-section elementor-top-section elementor-element elementor-element-72a51fa elementor-section-boxed elementor-section-height-default elementor-section-height-default\" data-id=\"72a51fa\" data-element_type=\"section\" data-e-type=\"section\">\n\t\t\t\t\t\t<div class=\"elementor-container elementor-column-gap-default\">\n\t\t\t\t\t<div class=\"elementor-column elementor-col-100 elementor-top-column elementor-element elementor-element-01ad100\" data-id=\"01ad100\" data-element_type=\"column\" data-e-type=\"column\">\n\t\t\t<div class=\"elementor-widget-wrap elementor-element-populated\">\n\t\t\t\t\t\t<div class=\"elementor-element elementor-element-a562184 elementor-widget elementor-widget-heading\" data-id=\"a562184\" data-element_type=\"widget\" data-e-type=\"widget\" data-widget_type=\"heading.default\">\n\t\t\t\t<div class=\"elementor-widget-container\">\n\t\t\t\t\t<h1 class=\"elementor-heading-title elementor-size-default\">Events<\/h1>\t\t\t\t<\/div>\n\t\t\t\t<\/div>\n\t\t\t\t\t<\/div>\n\t\t<\/div>\n\t\t\t\t\t<\/div>\n\t\t<\/section>\n\t\t\t\t<section class=\"elementor-section elementor-top-section elementor-element elementor-element-8404028 elementor-section-boxed elementor-section-height-default elementor-section-height-default\" data-id=\"8404028\" data-element_type=\"section\" data-e-type=\"section\">\n\t\t\t\t\t\t<div class=\"elementor-container elementor-column-gap-default\">\n\t\t\t\t\t<div class=\"elementor-column elementor-col-100 elementor-top-column elementor-element elementor-element-6de548e\" data-id=\"6de548e\" data-element_type=\"column\" data-e-type=\"column\">\n\t\t\t<div class=\"elementor-widget-wrap elementor-element-populated\">\n\t\t\t\t\t\t<div class=\"elementor-element elementor-element-2db0d1d elementor-widget elementor-widget-text-editor\" data-id=\"2db0d1d\" data-element_type=\"widget\" data-e-type=\"widget\" data-widget_type=\"text-editor.default\">\n\t\t\t\t<div class=\"elementor-widget-container\">\n\t\t\t\t\t\t\t\t\t<p>Le Regard Libre is an association whose aim is to promote culture and the debate of ideas, by publishing a monthly magazine of the same name, as well as organizing public events.<\/p>\t\t\t\t\t\t\t\t<\/div>\n\t\t\t\t<\/div>\n\t\t\t\t\t\n<hr class=\"e-divider-base\" data-interaction-id=\"76980a2\"   \/>\n\t\t\t\t\t<\/div>\n\t\t<\/div>\n\t\t\t\t\t<\/div>\n\t\t<\/section>\n\t\t<div class=\"elementor-element elementor-element-1158c17 e-flex e-con-boxed e-con e-parent\" data-id=\"1158c17\" data-element_type=\"container\" data-e-type=\"container\">\n\t\t\t\t\t<div class=\"e-con-inner\">\n\t\t\t\t\t\t\t\n\t\t\t<a\n\t\t\t\t\t\thref=\"https:\/\/infomaniak.events\/fr-ch\/conferences\/conference-de-ferghane-azihari-auteur-de-lislam-contre-la-modernite\/5f62048a-5ecd-4ca9-951b-966703eb3a51\/events\/390803\"\n\t\t\tclass=\"e-image-link-base\"\n\t\t\ttarget=\"_self\"\n\t\t\tdata-interaction-id=\"b11e736\"\n\t\t>\n\t\t<img class=\"e-image-base\" \n\t\t \n\t\t \n\t\t\t\t\t\t\t\t\tid=\"532202\"\n\t\t\t\t\t\t\t\t\t\t\t\tsrc=\"https:\/\/leregardlibre.com\/wp-content\/uploads\/2026\/04\/rl_annonce_1920x1080-scaled-e1776779448181.png\"\n\t\t\t\t\t\t\t\t\t\t\t\twidth=\"2257\"\n\t\t\t\t\t\t\t\t\t\t\t\theight=\"1280\"\n\t\t\t\t\t\t\t\t\t\t\t\tsrcset=\"\"\n\t\t\t\t\t\t\t\t\t\t\t\talt=\"ferghane azihari islam conference\"\n\t\t\t\t\t\t\/>\n\t\t\t<\/a>\n\t\t\t\t\t\t<\/div>\n\t\t\t\t<\/div>\n\t\t\t\t<section class=\"elementor-section elementor-top-section elementor-element elementor-element-a9a6b10 elementor-section-boxed elementor-section-height-default elementor-section-height-default\" data-id=\"a9a6b10\" data-element_type=\"section\" data-e-type=\"section\">\n\t\t\t\t\t\t<div class=\"elementor-container elementor-column-gap-default\">\n\t\t\t\t\t<div class=\"elementor-column elementor-col-100 elementor-top-column elementor-element elementor-element-f998371\" data-id=\"f998371\" data-element_type=\"column\" data-e-type=\"column\">\n\t\t\t<div class=\"elementor-widget-wrap elementor-element-populated\">\n\t\t\t\t\t\t<div class=\"elementor-element elementor-element-e65c28a elementor-widget elementor-widget-text-editor\" data-id=\"e65c28a\" data-element_type=\"widget\" data-e-type=\"widget\" data-widget_type=\"text-editor.default\">\n\t\t\t\t<div class=\"elementor-widget-container\">\n\t\t\t\t\t\t\t\t\t<div class=\"infos\"><div class=\"content-container event-description\"><p>In\u00a0<em>Islam versus modernity<\/em>, <strong>Ferghane Azihari<\/strong>, born into a Muslim Comorian family, but initially a free thinker, is waging an intellectual battle in the manner of Voltaire. In the light of the founding texts and geopolitics, he shows how Islam has rejected the heritage of the great ancient civilizations, colonized minds and peoples, and built up a suffocating system of moral surveillance. Reviewing the encounters that Islam has missed with modernity over the course of its history, he denounces a \u00absuperstition\u00bb responsible for the stagnation of Islamic societies, resistant to any reform, and questions the threat that Islamic expansionism poses today to Europe and its freedoms.<br \/><br \/>An essayist, Ferghane Azihari is a columnist for\u00a0<em>Figaro Magazine<\/em>\u00a0and on France Info TV. He received the Prix Turgot for young talent for his essay\u00a0<em>Ecologists against modernity<\/em>\u00a0(2021, La Cit\u00e9).<br \/><br \/>Come and see <strong>conference<\/strong>\u00a0moderated by Jonas Follonier, founder and editor-in-chief of the monthly French-language magazine\u00a0<em>Le Regard Libre<\/em>, followed by a <strong>aperitif d\u00eenatoire<\/strong>.<\/p><p><strong><a href=\"https:\/\/infomaniak.events\/fr-ch\/conferences\/conference-de-ferghane-azihari-auteur-de-lislam-contre-la-modernite\/5f62048a-5ecd-4ca9-951b-966703eb3a51\/events\/390803\">Registration (mandatory)<\/a><\/strong><br \/><br \/><em>An event organized by Le Regard Libre in partnership with Institut lib\u00e9ral.<\/em><\/p><\/div><\/div>\t\t\t\t\t\t\t\t<\/div>\n\t\t\t\t<\/div>\n\t\t\t\t\t\n<hr class=\"e-divider-base\" data-interaction-id=\"4c2b394\"   \/>\n\t\t\t\t\t<\/div>\n\t\t<\/div>\n\t\t\t\t\t<\/div>\n\t\t<\/section>\n\t\t\t\t<section class=\"elementor-section elementor-top-section elementor-element elementor-element-1556be7 elementor-section-boxed elementor-section-height-default elementor-section-height-default\" data-id=\"1556be7\" data-element_type=\"section\" data-e-type=\"section\">\n\t\t\t\t\t\t<div class=\"elementor-container elementor-column-gap-default\">\n\t\t\t\t\t<div class=\"elementor-column elementor-col-100 elementor-top-column elementor-element elementor-element-a650cd3\" data-id=\"a650cd3\" data-element_type=\"column\" data-e-type=\"column\">\n\t\t\t<div class=\"elementor-widget-wrap elementor-element-populated\">\n\t\t\t\t\t\t\t\n<hr class=\"e-divider-base\" data-interaction-id=\"428fd42\"   \/>\n\t\t\t\t\t<\/div>\n\t\t<\/div>\n\t\t\t\t\t<\/div>\n\t\t<\/section>\n\t\t\t\t<section class=\"elementor-section elementor-top-section elementor-element elementor-element-993c620 elementor-section-boxed elementor-section-height-default elementor-section-height-default\" data-id=\"993c620\" data-element_type=\"section\" data-e-type=\"section\">\n\t\t\t\t\t\t<div class=\"elementor-container elementor-column-gap-default\">\n\t\t\t\t\t<div class=\"elementor-column elementor-col-50 elementor-top-column elementor-element elementor-element-d6ad0bb\" data-id=\"d6ad0bb\" data-element_type=\"column\" data-e-type=\"column\">\n\t\t\t<div class=\"elementor-widget-wrap elementor-element-populated\">\n\t\t\t\t\t\t<div class=\"elementor-element elementor-element-4333495 elementor-widget elementor-widget-text-editor\" data-id=\"4333495\" data-element_type=\"widget\" data-e-type=\"widget\" data-widget_type=\"text-editor.default\">\n\t\t\t\t<div class=\"elementor-widget-container\">\n\t\t\t\t\t\t\t\t\t<h3>Masterclass breakfast: how to propel a start-up?<\/h3><p><em>Le Regard Libre<\/em> and the unlimitrust campus invite you to an exclusive masterclass with two entrepreneurs from the French-speaking part of Switzerland who have succeeded where few have: in creating <em>scale-ups<\/em>, These high-growth companies are still rare in Switzerland.<\/p><p><strong>Aur\u00e9lien Demaurex (Ecorobotix)<\/strong> and <strong>Timon Zimmermann (Visium and MageMetrics)<\/strong> will share their experiences: how they went about creating and scaling their start-up, the key decisions they made, the challenges they faced - and what it means to be an entrepreneur in Switzerland today, particularly in the technology sector.<\/p><p>In an intimate breakfast format, you'll have the opportunity to learn directly from their backgrounds, ask questions and interact with other participants at the heart of Vaud's innovation ecosystem.<\/p><p><span style=\"text-decoration: underline;\">Program:<br \/><\/span><strong>08h00 - 08h30:<\/strong> Welcome with coffee and croissants<br \/><strong>08:30 - 09:30:<\/strong> Round table<br \/><strong>09:30 - 10:30 a.m:<\/strong> Coffee and networking<\/p><p>The round table will be moderated by Yann Costa, journalist at <em>Regard Libre<\/em>. Copies of the \u00abEsprit entrepreneurial\u00bb special issues will be available. <a href=\"https:\/\/infomaniak.events\/fr-ch\/conferences\/petit-dejeuner-masterclass-comment-propulser-une-start-up\/f4c059e8-f256-481d-bdba-ba2926c137f8\/events\/390461\"><strong>Register now<\/strong><\/a>\u00a0to take advantage of this rare opportunity to learn from those who have already built success.<\/p>\t\t\t\t\t\t\t\t<\/div>\n\t\t\t\t<\/div>\n\t\t\t\t\t<\/div>\n\t\t<\/div>\n\t\t\t\t<div class=\"elementor-column elementor-col-50 elementor-top-column elementor-element elementor-element-9b115b5\" data-id=\"9b115b5\" data-element_type=\"column\" data-e-type=\"column\">\n\t\t\t<div class=\"elementor-widget-wrap elementor-element-populated\">\n\t\t\t\t\t\t\t\t\t\n\t\t<img class=\"e-image-base\" \n\t\t\t\t\tdata-interaction-id=\"44cd1c2\" \n\t\t \n\t\t \n\t\t\t\t\t\t\t\t\tid=\"531956\"\n\t\t\t\t\t\t\t\t\t\t\t\tsrc=\"https:\/\/leregardlibre.com\/wp-content\/uploads\/2026\/03\/affiche-masterclass-scaled.jpg\"\n\t\t\t\t\t\t\t\t\t\t\t\twidth=\"1810\"\n\t\t\t\t\t\t\t\t\t\t\t\theight=\"2560\"\n\t\t\t\t\t\t\t\t\t\t\t\tsrcset=\"https:\/\/leregardlibre.com\/wp-content\/uploads\/2026\/03\/affiche-masterclass-scaled.jpg 1810w, https:\/\/leregardlibre.com\/wp-content\/uploads\/2026\/03\/affiche-masterclass-212x300.jpg 212w, https:\/\/leregardlibre.com\/wp-content\/uploads\/2026\/03\/affiche-masterclass-724x1024.jpg 724w, https:\/\/leregardlibre.com\/wp-content\/uploads\/2026\/03\/affiche-masterclass-106x150.jpg 106w, https:\/\/leregardlibre.com\/wp-content\/uploads\/2026\/03\/affiche-masterclass-768x1086.jpg 768w, https:\/\/leregardlibre.com\/wp-content\/uploads\/2026\/03\/affiche-masterclass-1086x1536.jpg 1086w, https:\/\/leregardlibre.com\/wp-content\/uploads\/2026\/03\/affiche-masterclass-1448x2048.jpg 1448w, https:\/\/leregardlibre.com\/wp-content\/uploads\/2026\/03\/affiche-masterclass-8x12.jpg 8w, https:\/\/leregardlibre.com\/wp-content\/uploads\/2026\/03\/affiche-masterclass-460x650.jpg 460w, https:\/\/leregardlibre.com\/wp-content\/uploads\/2026\/03\/affiche-masterclass-300x424.jpg 300w, https:\/\/leregardlibre.com\/wp-content\/uploads\/2026\/03\/affiche-masterclass-600x849.jpg 600w\"\n\t\t\t\t\t\t\t\t\t\t\t\talt=\"\"\n\t\t\t\t\t\t\/>\n\t\t\t\t\t\t<\/div>\n\t\t<\/div>\n\t\t\t\t\t<\/div>\n\t\t<\/section>\n\t\t\t\t<\/div>","protected":false},"excerpt":{"rendered":"<p>Ev\u00e9nements Le Regard Libre est une association ayant pour but de promouvoir la culture et le d\u00e9bat d\u2019id\u00e9es, en \u00e9ditant&#8230;<\/p>","protected":false},"author":1,"featured_media":0,"parent":0,"menu_order":0,"comment_status":"closed","ping_status":"closed","template":"","meta":{"_acf_changed":false,"footnotes":""},"class_list":["post-508758","page","type-page","status-publish","hentry"],"acf":[],"yoast_head":"<!-- This site is optimized with the Yoast SEO Premium plugin v27.4 (Yoast SEO v27.4) - https:\/\/yoast.com\/product\/yoast-seo-premium-wordpress\/ -->\n<title>Ev\u00e9nements | Le Regard Libre<\/title>\n<meta name=\"description\" content=\"Conf\u00e9rences, tables rondes, d\u00e9bats: retrouvez tous les \u00e9v\u00e9nements du mensuel suisse romand de d\u00e9bat intellectuel et culturel Le Regard Libre\" \/>\n<meta name=\"robots\" content=\"index, follow, max-snippet:-1, max-image-preview:large, max-video-preview:-1\" \/>\n<link rel=\"canonical\" href=\"https:\/\/leregardlibre.com\/en\/events\/\" \/>\n<meta property=\"og:locale\" content=\"en_US\" \/>\n<meta property=\"og:type\" content=\"article\" \/>\n<meta property=\"og:title\" content=\"Ev\u00e9nements\" \/>\n<meta property=\"og:description\" content=\"Conf\u00e9rences, tables rondes, d\u00e9bats: retrouvez tous les \u00e9v\u00e9nements du mensuel suisse romand de d\u00e9bat intellectuel et culturel Le Regard Libre\" \/>\n<meta property=\"og:url\" content=\"https:\/\/leregardlibre.com\/en\/events\/\" \/>\n<meta property=\"og:site_name\" content=\"Le Regard Libre\" \/>\n<meta property=\"article:publisher\" content=\"https:\/\/www.facebook.com\/leregardlibre\/\" \/>\n<meta property=\"article:modified_time\" content=\"2026-04-21T13:52:13+00:00\" \/>\n<meta property=\"og:image\" content=\"https:\/\/leregardlibre.com\/wp-content\/uploads\/2026\/04\/rl_annonce_1920x1080-scaled-e1776779448181.png\" \/>\n<meta name=\"twitter:card\" content=\"summary_large_image\" \/>\n<meta name=\"twitter:site\" content=\"@LeRegardLibre\" \/>\n<meta name=\"twitter:label1\" content=\"Est. reading time\" \/>\n\t<meta name=\"twitter:data1\" content=\"2 minutes\" \/>\n<script type=\"application\/ld+json\" class=\"yoast-schema-graph\">{\"@context\":\"https:\\\/\\\/schema.org\",\"@graph\":[{\"@type\":\"WebPage\",\"@id\":\"https:\\\/\\\/leregardlibre.com\\\/evenements\\\/\",\"url\":\"https:\\\/\\\/leregardlibre.com\\\/evenements\\\/\",\"name\":\"Ev\u00e9nements | Le Regard Libre\",\"isPartOf\":{\"@id\":\"https:\\\/\\\/leregardlibre.com\\\/#website\"},\"primaryImageOfPage\":{\"@id\":\"https:\\\/\\\/leregardlibre.com\\\/evenements\\\/#primaryimage\"},\"image\":{\"@id\":\"https:\\\/\\\/leregardlibre.com\\\/evenements\\\/#primaryimage\"},\"thumbnailUrl\":\"https:\\\/\\\/leregardlibre.com\\\/wp-content\\\/uploads\\\/2026\\\/04\\\/rl_annonce_1920x1080-scaled-e1776779448181.png\",\"datePublished\":\"2022-08-31T14:20:03+00:00\",\"dateModified\":\"2026-04-21T13:52:13+00:00\",\"description\":\"Conf\u00e9rences, tables rondes, d\u00e9bats: retrouvez tous les \u00e9v\u00e9nements du mensuel suisse romand de d\u00e9bat intellectuel et culturel Le Regard Libre\",\"breadcrumb\":{\"@id\":\"https:\\\/\\\/leregardlibre.com\\\/evenements\\\/#breadcrumb\"},\"inLanguage\":\"en-US\",\"potentialAction\":[{\"@type\":\"ReadAction\",\"target\":[\"https:\\\/\\\/leregardlibre.com\\\/evenements\\\/\"]}]},{\"@type\":\"ImageObject\",\"inLanguage\":\"en-US\",\"@id\":\"https:\\\/\\\/leregardlibre.com\\\/evenements\\\/#primaryimage\",\"url\":\"https:\\\/\\\/leregardlibre.com\\\/wp-content\\\/uploads\\\/2026\\\/04\\\/rl_annonce_1920x1080-scaled-e1776779448181.png\",\"contentUrl\":\"https:\\\/\\\/leregardlibre.com\\\/wp-content\\\/uploads\\\/2026\\\/04\\\/rl_annonce_1920x1080-scaled-e1776779448181.png\"},{\"@type\":\"BreadcrumbList\",\"@id\":\"https:\\\/\\\/leregardlibre.com\\\/evenements\\\/#breadcrumb\",\"itemListElement\":[{\"@type\":\"ListItem\",\"position\":1,\"name\":\"Accueil\",\"item\":\"https:\\\/\\\/leregardlibre.com\\\/\"},{\"@type\":\"ListItem\",\"position\":2,\"name\":\"Ev\u00e9nements\"}]},{\"@type\":\"WebSite\",\"@id\":\"https:\\\/\\\/leregardlibre.com\\\/#website\",\"url\":\"https:\\\/\\\/leregardlibre.com\\\/\",\"name\":\"Le Regard Libre\",\"description\":\"Premier mensuel suisse de d\u00e9bat\",\"publisher\":{\"@id\":\"https:\\\/\\\/leregardlibre.com\\\/#organization\"},\"potentialAction\":[{\"@type\":\"SearchAction\",\"target\":{\"@type\":\"EntryPoint\",\"urlTemplate\":\"https:\\\/\\\/leregardlibre.com\\\/?s={search_term_string}\"},\"query-input\":{\"@type\":\"PropertyValueSpecification\",\"valueRequired\":true,\"valueName\":\"search_term_string\"}}],\"inLanguage\":\"en-US\"},{\"@type\":\"Organization\",\"@id\":\"https:\\\/\\\/leregardlibre.com\\\/#organization\",\"name\":\"Le Regard Libre\",\"url\":\"https:\\\/\\\/leregardlibre.com\\\/\",\"logo\":{\"@type\":\"ImageObject\",\"inLanguage\":\"en-US\",\"@id\":\"https:\\\/\\\/leregardlibre.com\\\/#\\\/schema\\\/logo\\\/image\\\/\",\"url\":\"https:\\\/\\\/leregardlibre.com\\\/wp-content\\\/uploads\\\/2025\\\/08\\\/logo-rl-icone-neg.jpeg\",\"contentUrl\":\"https:\\\/\\\/leregardlibre.com\\\/wp-content\\\/uploads\\\/2025\\\/08\\\/logo-rl-icone-neg.jpeg\",\"width\":557,\"height\":556,\"caption\":\"Le Regard Libre\"},\"image\":{\"@id\":\"https:\\\/\\\/leregardlibre.com\\\/#\\\/schema\\\/logo\\\/image\\\/\"},\"sameAs\":[\"https:\\\/\\\/www.facebook.com\\\/leregardlibre\\\/\",\"https:\\\/\\\/x.com\\\/LeRegardLibre\",\"https:\\\/\\\/www.linkedin.com\\\/company\\\/le-regard-libre\",\"https:\\\/\\\/www.instagram.com\\\/leregardlibre\\\/\",\"http:\\\/\\\/t.me\\\/leregardlibre\",\"https:\\\/\\\/youtube.com\\\/channel\\\/UC6HzGPomj1LsUmlz-sJtITQ\"],\"description\":\"Le Regard Libre est un mensuel suisse de d\u00e9bat intellectuel et culturel. Sa r\u00e9daction est jeune, b\u00e9n\u00e9vole, lib\u00e9rale et pluraliste. Le magazine para\u00eet en ligne et sous forme papier. Sa langue est le fran\u00e7ais.\",\"email\":\"redaction@leregardlibre.com\",\"legalName\":\"Le Regard Libre\",\"foundingDate\":\"2014-01-01\",\"numberOfEmployees\":{\"@type\":\"QuantitativeValue\",\"minValue\":\"11\",\"maxValue\":\"50\"},\"publishingPrinciples\":\"https:\\\/\\\/leregardlibre.com\\\/a-propos\\\/notre-manifeste\\\/\",\"ownershipFundingInfo\":\"https:\\\/\\\/leregardlibre.com\\\/mentions-legales\\\/\",\"actionableFeedbackPolicy\":\"https:\\\/\\\/leregardlibre.com\\\/conditions-generales-de-vente\\\/\"}]}<\/script>\n<!-- \/ Yoast SEO Premium plugin. -->","yoast_head_json":{"title":"Events | Le Regard Libre","description":"Conferences, round tables, debates: find out about all the events organized by Le Regard Libre, a monthly magazine for intellectual and cultural debate in French-speaking Switzerland.","robots":{"index":"index","follow":"follow","max-snippet":"max-snippet:-1","max-image-preview":"max-image-preview:large","max-video-preview":"max-video-preview:-1"},"canonical":"https:\/\/leregardlibre.com\/en\/events\/","og_locale":"en_US","og_type":"article","og_title":"Ev\u00e9nements","og_description":"Conf\u00e9rences, tables rondes, d\u00e9bats: retrouvez tous les \u00e9v\u00e9nements du mensuel suisse romand de d\u00e9bat intellectuel et culturel Le Regard Libre","og_url":"https:\/\/leregardlibre.com\/en\/events\/","og_site_name":"Le Regard Libre","article_publisher":"https:\/\/www.facebook.com\/leregardlibre\/","article_modified_time":"2026-04-21T13:52:13+00:00","og_image":[{"url":"https:\/\/leregardlibre.com\/wp-content\/uploads\/2026\/04\/rl_annonce_1920x1080-scaled-e1776779448181.png","type":"","width":"","height":""}],"twitter_card":"summary_large_image","twitter_site":"@LeRegardLibre","twitter_misc":{"Est. reading time":"2 minutes"},"schema":{"@context":"https:\/\/schema.org","@graph":[{"@type":"WebPage","@id":"https:\/\/leregardlibre.com\/evenements\/","url":"https:\/\/leregardlibre.com\/evenements\/","name":"Events | Le Regard Libre","isPartOf":{"@id":"https:\/\/leregardlibre.com\/#website"},"primaryImageOfPage":{"@id":"https:\/\/leregardlibre.com\/evenements\/#primaryimage"},"image":{"@id":"https:\/\/leregardlibre.com\/evenements\/#primaryimage"},"thumbnailUrl":"https:\/\/leregardlibre.com\/wp-content\/uploads\/2026\/04\/rl_annonce_1920x1080-scaled-e1776779448181.png","datePublished":"2022-08-31T14:20:03+00:00","dateModified":"2026-04-21T13:52:13+00:00","description":"Conferences, round tables, debates: find out about all the events organized by Le Regard Libre, a monthly magazine for intellectual and cultural debate in French-speaking Switzerland.","breadcrumb":{"@id":"https:\/\/leregardlibre.com\/evenements\/#breadcrumb"},"inLanguage":"en-US","potentialAction":[{"@type":"ReadAction","target":["https:\/\/leregardlibre.com\/evenements\/"]}]},{"@type":"ImageObject","inLanguage":"en-US","@id":"https:\/\/leregardlibre.com\/evenements\/#primaryimage","url":"https:\/\/leregardlibre.com\/wp-content\/uploads\/2026\/04\/rl_annonce_1920x1080-scaled-e1776779448181.png","contentUrl":"https:\/\/leregardlibre.com\/wp-content\/uploads\/2026\/04\/rl_annonce_1920x1080-scaled-e1776779448181.png"},{"@type":"BreadcrumbList","@id":"https:\/\/leregardlibre.com\/evenements\/#breadcrumb","itemListElement":[{"@type":"ListItem","position":1,"name":"Accueil","item":"https:\/\/leregardlibre.com\/"},{"@type":"ListItem","position":2,"name":"Ev\u00e9nements"}]},{"@type":"WebSite","@id":"https:\/\/leregardlibre.com\/#website","url":"https:\/\/leregardlibre.com\/","name":"Le Regard Libre","description":"Switzerland's first monthly debate magazine","publisher":{"@id":"https:\/\/leregardlibre.com\/#organization"},"potentialAction":[{"@type":"SearchAction","target":{"@type":"EntryPoint","urlTemplate":"https:\/\/leregardlibre.com\/?s={search_term_string}"},"query-input":{"@type":"PropertyValueSpecification","valueRequired":true,"valueName":"search_term_string"}}],"inLanguage":"en-US"},{"@type":"Organization","@id":"https:\/\/leregardlibre.com\/#organization","name":"Le Regard Libre","url":"https:\/\/leregardlibre.com\/","logo":{"@type":"ImageObject","inLanguage":"en-US","@id":"https:\/\/leregardlibre.com\/#\/schema\/logo\/image\/","url":"https:\/\/leregardlibre.com\/wp-content\/uploads\/2025\/08\/logo-rl-icone-neg.jpeg","contentUrl":"https:\/\/leregardlibre.com\/wp-content\/uploads\/2025\/08\/logo-rl-icone-neg.jpeg","width":557,"height":556,"caption":"Le Regard Libre"},"image":{"@id":"https:\/\/leregardlibre.com\/#\/schema\/logo\/image\/"},"sameAs":["https:\/\/www.facebook.com\/leregardlibre\/","https:\/\/x.com\/LeRegardLibre","https:\/\/www.linkedin.com\/company\/le-regard-libre","https:\/\/www.instagram.com\/leregardlibre\/","http:\/\/t.me\/leregardlibre","https:\/\/youtube.com\/channel\/UC6HzGPomj1LsUmlz-sJtITQ"],"description":"Le Regard Libre is a Swiss monthly magazine for intellectual and cultural debate. Its editorial team is young, voluntary, liberal and pluralist. The magazine appears online and in print. Its language is French.","email":"redaction@leregardlibre.com","legalName":"Le Regard Libre","foundingDate":"2014-01-01","numberOfEmployees":{"@type":"QuantitativeValue","minValue":"11","maxValue":"50"},"publishingPrinciples":"https:\/\/leregardlibre.com\/a-propos\/notre-manifeste\/","ownershipFundingInfo":"https:\/\/leregardlibre.com\/mentions-legales\/","actionableFeedbackPolicy":"https:\/\/leregardlibre.com\/conditions-generales-de-vente\/"}]}},"_links":{"self":[{"href":"https:\/\/leregardlibre.com\/en\/wp-json\/wp\/v2\/pages\/508758","targetHints":{"allow":["GET"]}}],"collection":[{"href":"https:\/\/leregardlibre.com\/en\/wp-json\/wp\/v2\/pages"}],"about":[{"href":"https:\/\/leregardlibre.com\/en\/wp-json\/wp\/v2\/types\/page"}],"author":[{"embeddable":true,"href":"https:\/\/leregardlibre.com\/en\/wp-json\/wp\/v2\/users\/1"}],"replies":[{"embeddable":true,"href":"https:\/\/leregardlibre.com\/en\/wp-json\/wp\/v2\/comments?post=508758"}],"version-history":[{"count":89,"href":"https:\/\/leregardlibre.com\/en\/wp-json\/wp\/v2\/pages\/508758\/revisions"}],"predecessor-version":[{"id":532206,"href":"https:\/\/leregardlibre.com\/en\/wp-json\/wp\/v2\/pages\/508758\/revisions\/532206"}],"wp:attachment":[{"href":"https:\/\/leregardlibre.com\/en\/wp-json\/wp\/v2\/media?parent=508758"}],"curies":[{"name":"wp","href":"https:\/\/api.w.org\/{rel}","templated":true}]}}