{"id":18567,"date":"2018-12-28T00:30:55","date_gmt":"2018-12-27T23:30:55","guid":{"rendered":"https:\/\/leregardlibre.com\/?post_type=product&#038;p=18567"},"modified":"2024-07-10T15:37:57","modified_gmt":"2024-07-10T13:37:57","slug":"le-regard-libre-n-42","status":"publish","type":"product","link":"https:\/\/leregardlibre.com\/en\/product\/le-regard-libre-n-42\/","title":{"rendered":"Le Regard Libre - N\u00b0 42"},"content":{"rendered":"<p>Paper copy<br \/>\nEdition de septembre 2018<br \/>\nChic paper magazine format (68 pages)<\/p>\n<div class=\"woocommerce-tabs wc-tabs-wrapper\">\n<div id=\"tab-description\" class=\"woocommerce-Tabs-panel woocommerce-Tabs-panel--description panel woocommerce-single-tab-content post-entry entry-content wc-tab\" role=\"tabpanel\" aria-labelledby=\"tab-title-description\">\n<div class=\"woocommerce-tabs wc-tabs-wrapper\">\n<div id=\"tab-description\" class=\"woocommerce-Tabs-panel woocommerce-Tabs-panel--description panel entry-content wc-tab\" role=\"tabpanel\" aria-labelledby=\"tab-title-description\">\n<p>CONTENTS:<\/p>\n<p class=\"p1\"><span class=\"s1\"><i>04<\/i><\/span><b> <\/b><b>Editorial<br \/>\n<\/b><i>Westworld<\/i> et l\u2019immortalit\u00e9<\/p>\n<p class=\"p4\"><span class=\"s1\"><i>06<\/i><\/span><b> <\/b><b>Maintenance<br \/>\n<\/b>Rencontre avec Sandro Pagliari, cr\u00e9ateur de mode en Suisse<\/p>\n<p class=\"p4\"><span class=\"s1\"><i>08<\/i><\/span><b> <\/b><b>Photography<br \/>\n<\/b>S\u00e9jour en For\u00eat-Noire<\/p>\n<p class=\"p4\"><span class=\"s1\"><i>10<\/i><\/span><b> <\/b><b>Policy<br \/>\n<\/b>Unilateralism and the dangers of the Trump method<\/p>\n<p class=\"p6\"><span class=\"s1\"><i>12<\/i><\/span><b> <\/b><b>Policy<br \/>\n<\/b>No to abortion: when the state starts doing good<\/p>\n<p class=\"p7\"><span class=\"s1\"><i>14<\/i><\/span><b> <\/b><b>Policy<br \/>\n<\/b>Supprimer la premi\u00e8re classe? Non, merci.<\/p>\n<p class=\"p1\"><span class=\"s1\"><i>18<\/i><\/span><b> <\/b><b>Politique internationale<\/b><span class=\"s3\"><br \/>\n<\/span>Notre dossier sur les tensions g\u00e9opolitiques<\/p>\n<p class=\"p6\"><span class=\"s1\"><i>24<\/i><\/span><b> <\/b><b>Literature<br \/>\n<\/b>The Smurfs: a totalitarian utopia?<\/p>\n<p class=\"p6\"><span class=\"s1\"><i>28<\/i><\/span><b> <\/b><b>Literature<br \/>\n<\/b><i>La cit\u00e9 lassitude<\/i><\/p>\n<p class=\"p1\"><span class=\"s1\"><i>30<\/i><\/span><b> <\/b><b>Cinema<br \/>\n<\/b>Notre dossier sur les sorties du moment<\/p>\n<p class=\"p1\"><span class=\"s1\"><i>44<\/i><\/span><b> <\/b><b>Music<\/b><span class=\"s3\"><br \/>\n<\/span>Le meilleur de l\u2019actualit\u00e9 discographique<\/p>\n<p class=\"p1\"><span class=\"s1\"><i>56<\/i><\/span><b> <\/b><b>Art history<br \/>\n<\/b>La nouvelle expo Gianadda<\/p>\n<p class=\"p1\"><span class=\"s1\"><i>60<\/i><\/span><b> <\/b><span class=\"s3\"><b>Gastronomy<br \/>\n<\/b><\/span>Le tour des microbrasseries suisses continue<\/p>\n<p class=\"p1\"><span class=\"s1\"><i>66<\/i><\/span><b> <\/b><b>Forum<br \/>\n<\/b>La panne<\/p>\n<\/div>\n<\/div>\n<\/div>\n<\/div>","protected":false},"excerpt":{"rendered":"<p>Exemplaire papier Edition de septembre 2018 Format magazine papier chic (68 pages) SOMMAIRE: 04 Editorial Westworld et l\u2019immortalit\u00e9 06 Entretien&#8230;<\/p>","protected":false},"featured_media":523938,"comment_status":"open","ping_status":"closed","template":"","meta":{"_acf_changed":false},"product_brand":[],"product_cat":[644340392],"product_tag":[],"class_list":{"0":"post-18567","1":"product","2":"type-product","3":"status-publish","4":"has-post-thumbnail","6":"product_cat-numeros","8":"first","9":"instock","10":"shipping-taxable","11":"purchasable","12":"product-type-simple"},"acf":[],"yoast_head":"<!-- This site is optimized with the Yoast SEO Premium plugin v27.4 (Yoast SEO v27.4) - https:\/\/yoast.com\/product\/yoast-seo-premium-wordpress\/ -->\n<title>Le Regard Libre - N\u00b0\u00a042 | Le Regard Libre<\/title>\n<meta name=\"robots\" content=\"index, follow, max-snippet:-1, max-image-preview:large, max-video-preview:-1\" \/>\n<link rel=\"canonical\" href=\"https:\/\/leregardlibre.com\/en\/product\/le-regard-libre-n-42\/\" \/>\n<meta property=\"og:locale\" content=\"en_US\" \/>\n<meta property=\"og:type\" content=\"article\" \/>\n<meta property=\"og:title\" content=\"Le Regard Libre - N\u00b0\u00a042\" \/>\n<meta property=\"og:description\" content=\"Exemplaire papier Edition de septembre 2018 Format magazine papier chic (68 pages) SOMMAIRE: 04 Editorial Westworld et l\u2019immortalit\u00e9 06 Entretien...\" \/>\n<meta property=\"og:url\" content=\"https:\/\/leregardlibre.com\/en\/product\/le-regard-libre-n-42\/\" \/>\n<meta property=\"og:site_name\" content=\"Le Regard Libre\" \/>\n<meta property=\"article:publisher\" content=\"https:\/\/www.facebook.com\/leregardlibre\/\" \/>\n<meta property=\"article:modified_time\" content=\"2024-07-10T13:37:57+00:00\" \/>\n<meta property=\"og:image\" content=\"https:\/\/leregardlibre.com\/wp-content\/uploads\/2018\/12\/une-le-regard-libre-n-42.jpg\" \/>\n\t<meta property=\"og:image:width\" content=\"2480\" \/>\n\t<meta property=\"og:image:height\" content=\"3508\" \/>\n\t<meta property=\"og:image:type\" content=\"image\/jpeg\" \/>\n<meta name=\"twitter:card\" content=\"summary_large_image\" \/>\n<meta name=\"twitter:site\" content=\"@LeRegardLibre\" \/>\n<meta name=\"twitter:label1\" content=\"Est. reading time\" \/>\n\t<meta name=\"twitter:data1\" content=\"1 minute\" \/>\n<script type=\"application\/ld+json\" class=\"yoast-schema-graph\">{\"@context\":\"https:\\\/\\\/schema.org\",\"@graph\":[{\"@type\":\"WebPage\",\"@id\":\"https:\\\/\\\/leregardlibre.com\\\/produit\\\/le-regard-libre-n-42\\\/\",\"url\":\"https:\\\/\\\/leregardlibre.com\\\/produit\\\/le-regard-libre-n-42\\\/\",\"name\":\"Le Regard Libre - N\u00b0\u00a042 | Le Regard Libre\",\"isPartOf\":{\"@id\":\"https:\\\/\\\/leregardlibre.com\\\/#website\"},\"primaryImageOfPage\":{\"@id\":\"https:\\\/\\\/leregardlibre.com\\\/produit\\\/le-regard-libre-n-42\\\/#primaryimage\"},\"image\":{\"@id\":\"https:\\\/\\\/leregardlibre.com\\\/produit\\\/le-regard-libre-n-42\\\/#primaryimage\"},\"thumbnailUrl\":\"https:\\\/\\\/leregardlibre.com\\\/wp-content\\\/uploads\\\/2018\\\/12\\\/une-le-regard-libre-n-42.jpg\",\"datePublished\":\"2018-12-27T23:30:55+00:00\",\"dateModified\":\"2024-07-10T13:37:57+00:00\",\"breadcrumb\":{\"@id\":\"https:\\\/\\\/leregardlibre.com\\\/produit\\\/le-regard-libre-n-42\\\/#breadcrumb\"},\"inLanguage\":\"en-US\",\"potentialAction\":[{\"@type\":\"ReadAction\",\"target\":[\"https:\\\/\\\/leregardlibre.com\\\/produit\\\/le-regard-libre-n-42\\\/\"]}]},{\"@type\":\"ImageObject\",\"inLanguage\":\"en-US\",\"@id\":\"https:\\\/\\\/leregardlibre.com\\\/produit\\\/le-regard-libre-n-42\\\/#primaryimage\",\"url\":\"https:\\\/\\\/leregardlibre.com\\\/wp-content\\\/uploads\\\/2018\\\/12\\\/une-le-regard-libre-n-42.jpg\",\"contentUrl\":\"https:\\\/\\\/leregardlibre.com\\\/wp-content\\\/uploads\\\/2018\\\/12\\\/une-le-regard-libre-n-42.jpg\",\"width\":2480,\"height\":3508},{\"@type\":\"BreadcrumbList\",\"@id\":\"https:\\\/\\\/leregardlibre.com\\\/produit\\\/le-regard-libre-n-42\\\/#breadcrumb\",\"itemListElement\":[{\"@type\":\"ListItem\",\"position\":1,\"name\":\"Accueil\",\"item\":\"https:\\\/\\\/leregardlibre.com\\\/\"},{\"@type\":\"ListItem\",\"position\":2,\"name\":\"Boutique\",\"item\":\"https:\\\/\\\/leregardlibre.com\\\/boutique\\\/\"},{\"@type\":\"ListItem\",\"position\":3,\"name\":\"Le Regard Libre &#8211; N\u00b0\u00a042\"}]},{\"@type\":\"WebSite\",\"@id\":\"https:\\\/\\\/leregardlibre.com\\\/#website\",\"url\":\"https:\\\/\\\/leregardlibre.com\\\/\",\"name\":\"Le Regard Libre\",\"description\":\"Premier mensuel suisse de d\u00e9bat\",\"publisher\":{\"@id\":\"https:\\\/\\\/leregardlibre.com\\\/#organization\"},\"potentialAction\":[{\"@type\":\"SearchAction\",\"target\":{\"@type\":\"EntryPoint\",\"urlTemplate\":\"https:\\\/\\\/leregardlibre.com\\\/?s={search_term_string}\"},\"query-input\":{\"@type\":\"PropertyValueSpecification\",\"valueRequired\":true,\"valueName\":\"search_term_string\"}}],\"inLanguage\":\"en-US\"},{\"@type\":\"Organization\",\"@id\":\"https:\\\/\\\/leregardlibre.com\\\/#organization\",\"name\":\"Le Regard Libre\",\"url\":\"https:\\\/\\\/leregardlibre.com\\\/\",\"logo\":{\"@type\":\"ImageObject\",\"inLanguage\":\"en-US\",\"@id\":\"https:\\\/\\\/leregardlibre.com\\\/#\\\/schema\\\/logo\\\/image\\\/\",\"url\":\"https:\\\/\\\/leregardlibre.com\\\/wp-content\\\/uploads\\\/2025\\\/08\\\/logo-rl-icone-neg.jpeg\",\"contentUrl\":\"https:\\\/\\\/leregardlibre.com\\\/wp-content\\\/uploads\\\/2025\\\/08\\\/logo-rl-icone-neg.jpeg\",\"width\":557,\"height\":556,\"caption\":\"Le Regard Libre\"},\"image\":{\"@id\":\"https:\\\/\\\/leregardlibre.com\\\/#\\\/schema\\\/logo\\\/image\\\/\"},\"sameAs\":[\"https:\\\/\\\/www.facebook.com\\\/leregardlibre\\\/\",\"https:\\\/\\\/x.com\\\/LeRegardLibre\",\"https:\\\/\\\/www.linkedin.com\\\/company\\\/le-regard-libre\",\"https:\\\/\\\/www.instagram.com\\\/leregardlibre\\\/\",\"http:\\\/\\\/t.me\\\/leregardlibre\",\"https:\\\/\\\/youtube.com\\\/channel\\\/UC6HzGPomj1LsUmlz-sJtITQ\"],\"description\":\"Le Regard Libre est un mensuel suisse de d\u00e9bat intellectuel et culturel. Sa r\u00e9daction est jeune, b\u00e9n\u00e9vole, lib\u00e9rale et pluraliste. Le magazine para\u00eet en ligne et sous forme papier. Sa langue est le fran\u00e7ais.\",\"email\":\"redaction@leregardlibre.com\",\"legalName\":\"Le Regard Libre\",\"foundingDate\":\"2014-01-01\",\"numberOfEmployees\":{\"@type\":\"QuantitativeValue\",\"minValue\":\"11\",\"maxValue\":\"50\"},\"publishingPrinciples\":\"https:\\\/\\\/leregardlibre.com\\\/a-propos\\\/notre-manifeste\\\/\",\"ownershipFundingInfo\":\"https:\\\/\\\/leregardlibre.com\\\/mentions-legales\\\/\",\"actionableFeedbackPolicy\":\"https:\\\/\\\/leregardlibre.com\\\/conditions-generales-de-vente\\\/\"}]}<\/script>\n<!-- \/ Yoast SEO Premium plugin. -->","yoast_head_json":{"title":"Le Regard Libre - N\u00b0\u00a042 | Le Regard Libre","robots":{"index":"index","follow":"follow","max-snippet":"max-snippet:-1","max-image-preview":"max-image-preview:large","max-video-preview":"max-video-preview:-1"},"canonical":"https:\/\/leregardlibre.com\/en\/product\/le-regard-libre-n-42\/","og_locale":"en_US","og_type":"article","og_title":"Le Regard Libre - N\u00b0\u00a042","og_description":"Exemplaire papier Edition de septembre 2018 Format magazine papier chic (68 pages) SOMMAIRE: 04 Editorial Westworld et l\u2019immortalit\u00e9 06 Entretien...","og_url":"https:\/\/leregardlibre.com\/en\/product\/le-regard-libre-n-42\/","og_site_name":"Le Regard Libre","article_publisher":"https:\/\/www.facebook.com\/leregardlibre\/","article_modified_time":"2024-07-10T13:37:57+00:00","og_image":[{"width":2480,"height":3508,"url":"https:\/\/leregardlibre.com\/wp-content\/uploads\/2018\/12\/une-le-regard-libre-n-42.jpg","type":"image\/jpeg"}],"twitter_card":"summary_large_image","twitter_site":"@LeRegardLibre","twitter_misc":{"Est. reading time":"1 minute"},"schema":{"@context":"https:\/\/schema.org","@graph":[{"@type":"WebPage","@id":"https:\/\/leregardlibre.com\/produit\/le-regard-libre-n-42\/","url":"https:\/\/leregardlibre.com\/produit\/le-regard-libre-n-42\/","name":"Le Regard Libre - N\u00b0\u00a042 | Le Regard Libre","isPartOf":{"@id":"https:\/\/leregardlibre.com\/#website"},"primaryImageOfPage":{"@id":"https:\/\/leregardlibre.com\/produit\/le-regard-libre-n-42\/#primaryimage"},"image":{"@id":"https:\/\/leregardlibre.com\/produit\/le-regard-libre-n-42\/#primaryimage"},"thumbnailUrl":"https:\/\/leregardlibre.com\/wp-content\/uploads\/2018\/12\/une-le-regard-libre-n-42.jpg","datePublished":"2018-12-27T23:30:55+00:00","dateModified":"2024-07-10T13:37:57+00:00","breadcrumb":{"@id":"https:\/\/leregardlibre.com\/produit\/le-regard-libre-n-42\/#breadcrumb"},"inLanguage":"en-US","potentialAction":[{"@type":"ReadAction","target":["https:\/\/leregardlibre.com\/produit\/le-regard-libre-n-42\/"]}]},{"@type":"ImageObject","inLanguage":"en-US","@id":"https:\/\/leregardlibre.com\/produit\/le-regard-libre-n-42\/#primaryimage","url":"https:\/\/leregardlibre.com\/wp-content\/uploads\/2018\/12\/une-le-regard-libre-n-42.jpg","contentUrl":"https:\/\/leregardlibre.com\/wp-content\/uploads\/2018\/12\/une-le-regard-libre-n-42.jpg","width":2480,"height":3508},{"@type":"BreadcrumbList","@id":"https:\/\/leregardlibre.com\/produit\/le-regard-libre-n-42\/#breadcrumb","itemListElement":[{"@type":"ListItem","position":1,"name":"Accueil","item":"https:\/\/leregardlibre.com\/"},{"@type":"ListItem","position":2,"name":"Boutique","item":"https:\/\/leregardlibre.com\/boutique\/"},{"@type":"ListItem","position":3,"name":"Le Regard Libre &#8211; N\u00b0\u00a042"}]},{"@type":"WebSite","@id":"https:\/\/leregardlibre.com\/#website","url":"https:\/\/leregardlibre.com\/","name":"Le Regard Libre","description":"Switzerland's first monthly debate magazine","publisher":{"@id":"https:\/\/leregardlibre.com\/#organization"},"potentialAction":[{"@type":"SearchAction","target":{"@type":"EntryPoint","urlTemplate":"https:\/\/leregardlibre.com\/?s={search_term_string}"},"query-input":{"@type":"PropertyValueSpecification","valueRequired":true,"valueName":"search_term_string"}}],"inLanguage":"en-US"},{"@type":"Organization","@id":"https:\/\/leregardlibre.com\/#organization","name":"Le Regard Libre","url":"https:\/\/leregardlibre.com\/","logo":{"@type":"ImageObject","inLanguage":"en-US","@id":"https:\/\/leregardlibre.com\/#\/schema\/logo\/image\/","url":"https:\/\/leregardlibre.com\/wp-content\/uploads\/2025\/08\/logo-rl-icone-neg.jpeg","contentUrl":"https:\/\/leregardlibre.com\/wp-content\/uploads\/2025\/08\/logo-rl-icone-neg.jpeg","width":557,"height":556,"caption":"Le Regard Libre"},"image":{"@id":"https:\/\/leregardlibre.com\/#\/schema\/logo\/image\/"},"sameAs":["https:\/\/www.facebook.com\/leregardlibre\/","https:\/\/x.com\/LeRegardLibre","https:\/\/www.linkedin.com\/company\/le-regard-libre","https:\/\/www.instagram.com\/leregardlibre\/","http:\/\/t.me\/leregardlibre","https:\/\/youtube.com\/channel\/UC6HzGPomj1LsUmlz-sJtITQ"],"description":"Le Regard Libre is a Swiss monthly magazine for intellectual and cultural debate. Its editorial team is young, voluntary, liberal and pluralist. The magazine appears online and in print. Its language is French.","email":"redaction@leregardlibre.com","legalName":"Le Regard Libre","foundingDate":"2014-01-01","numberOfEmployees":{"@type":"QuantitativeValue","minValue":"11","maxValue":"50"},"publishingPrinciples":"https:\/\/leregardlibre.com\/a-propos\/notre-manifeste\/","ownershipFundingInfo":"https:\/\/leregardlibre.com\/mentions-legales\/","actionableFeedbackPolicy":"https:\/\/leregardlibre.com\/conditions-generales-de-vente\/"}]}},"_links":{"self":[{"href":"https:\/\/leregardlibre.com\/en\/wp-json\/wp\/v2\/product\/18567","targetHints":{"allow":["GET"]}}],"collection":[{"href":"https:\/\/leregardlibre.com\/en\/wp-json\/wp\/v2\/product"}],"about":[{"href":"https:\/\/leregardlibre.com\/en\/wp-json\/wp\/v2\/types\/product"}],"replies":[{"embeddable":true,"href":"https:\/\/leregardlibre.com\/en\/wp-json\/wp\/v2\/comments?post=18567"}],"wp:featuredmedia":[{"embeddable":true,"href":"https:\/\/leregardlibre.com\/en\/wp-json\/wp\/v2\/media\/523938"}],"wp:attachment":[{"href":"https:\/\/leregardlibre.com\/en\/wp-json\/wp\/v2\/media?parent=18567"}],"wp:term":[{"taxonomy":"product_brand","embeddable":true,"href":"https:\/\/leregardlibre.com\/en\/wp-json\/wp\/v2\/product_brand?post=18567"},{"taxonomy":"product_cat","embeddable":true,"href":"https:\/\/leregardlibre.com\/en\/wp-json\/wp\/v2\/product_cat?post=18567"},{"taxonomy":"product_tag","embeddable":true,"href":"https:\/\/leregardlibre.com\/en\/wp-json\/wp\/v2\/product_tag?post=18567"}],"curies":[{"name":"wp","href":"https:\/\/api.w.org\/{rel}","templated":true}]}}