{"id":20230,"date":"2019-04-10T18:52:58","date_gmt":"2019-04-10T17:52:58","guid":{"rendered":"https:\/\/leregardlibre.com\/?post_type=product&#038;p=20230"},"modified":"2024-07-10T15:45:34","modified_gmt":"2024-07-10T13:45:34","slug":"le-regard-libre-n-50","status":"publish","type":"product","link":"https:\/\/leregardlibre.com\/en\/product\/le-regard-libre-n-50\/","title":{"rendered":"Le Regard Libre - N\u00b0 50"},"content":{"rendered":"<p>Paper copy<br \/>\nMay 2019 Edition - EVENT NUMBER #50<br \/>\nChic paper magazine format (68 pages)<\/p>\n<hr \/>\n<p>CONTENTS:<\/p>\n<p class=\"p1\"><span class=\"s1\"><i>04<\/i><\/span> <b>Editorial<br \/>\n<\/b>The strengths of a monthly magazine<\/p>\n<p class=\"p3\"><span class=\"s1\"><i>06<\/i><\/span> <b>Maintenance<br \/>\n<\/b>Gonzague de Waresquiel, the Count who bought Polnareff's Harley<\/p>\n<p class=\"p3\"><span class=\"s1\"><i>12<\/i><\/span> <b>Policy<br \/>\n<\/b>Agriculture and geopolitics<br \/>\n<em>Dominique de Buman. A Swiss<\/em> published by Editions Slatkine<br \/>\nTheresa May, the UK's heroine<\/p>\n<p class=\"p1\"><em>21<\/em> <b>Music<br \/>\n<\/b>Pyotr the illustrious Tchaikovsky and his violin concerto<\/p>\n<p class=\"p3\"><span class=\"s1\"><i>22<\/i><\/span>\u00a0<b>Literature<br \/>\n<\/b>Meeting with Guillaume Poisson, President of the Cercle litt\u00e9raire<\/p>\n<p class=\"p3\"><span class=\"s1\"><i>28<\/i><\/span>\u00a0<b>Cinema<br \/>\n<\/b>Our traditional film review<br \/>\nThe 2019 FIFF, in interviews, reviews and comics<\/p>\n<p class=\"p3\"><span class=\"s1\">54\u00a0<b>Theater<br \/>\n<\/b>Programme Commun, the musings of a scenic gourmet<\/span><\/p>\n<p>62 <b>Photography<br \/>\n<\/b><i>Duo<\/i>, by Indra Crittin<\/p>\n<p>68 <strong>Drawing<\/strong><br \/>\nNotre Larme, by Nicolas Locatelli<\/p>","protected":false},"excerpt":{"rendered":"<p>Exemplaire papier Edition de mai 2019 &#8211; NUM\u00c9RO \u00c9V\u00c9NEMENT #50 Format magazine papier chic (68 pages) SOMMAIRE: 04 Editorial Les&#8230;<\/p>","protected":false},"featured_media":20231,"comment_status":"open","ping_status":"closed","template":"","meta":{"_acf_changed":false},"product_brand":[],"product_cat":[644340392],"product_tag":[],"class_list":{"0":"post-20230","1":"product","2":"type-product","3":"status-publish","4":"has-post-thumbnail","6":"product_cat-numeros","8":"first","9":"instock","10":"shipping-taxable","11":"purchasable","12":"product-type-simple"},"acf":[],"yoast_head":"<!-- This site is optimized with the Yoast SEO Premium plugin v27.4 (Yoast SEO v27.4) - https:\/\/yoast.com\/product\/yoast-seo-premium-wordpress\/ -->\n<title>Le Regard Libre - N\u00b0\u00a050 | Le Regard Libre<\/title>\n<meta name=\"robots\" content=\"index, follow, max-snippet:-1, max-image-preview:large, max-video-preview:-1\" \/>\n<link rel=\"canonical\" href=\"https:\/\/leregardlibre.com\/en\/product\/le-regard-libre-n-50\/\" \/>\n<meta property=\"og:locale\" content=\"en_US\" \/>\n<meta property=\"og:type\" content=\"article\" \/>\n<meta property=\"og:title\" content=\"Le Regard Libre - N\u00b0\u00a050\" \/>\n<meta property=\"og:description\" content=\"Exemplaire papier Edition de mai 2019 - NUM\u00c9RO \u00c9V\u00c9NEMENT #50 Format magazine papier chic (68 pages) SOMMAIRE: 04 Editorial Les...\" \/>\n<meta property=\"og:url\" content=\"https:\/\/leregardlibre.com\/en\/product\/le-regard-libre-n-50\/\" \/>\n<meta property=\"og:site_name\" content=\"Le Regard Libre\" \/>\n<meta property=\"article:publisher\" content=\"https:\/\/www.facebook.com\/leregardlibre\/\" \/>\n<meta property=\"article:modified_time\" content=\"2024-07-10T13:45:34+00:00\" \/>\n<meta property=\"og:image\" content=\"https:\/\/leregardlibre.com\/wp-content\/uploads\/2019\/04\/Une-RL-N\u00b0-50-724x1024.jpg\" \/>\n\t<meta property=\"og:image:width\" content=\"724\" \/>\n\t<meta property=\"og:image:height\" content=\"1024\" \/>\n\t<meta property=\"og:image:type\" content=\"image\/jpeg\" \/>\n<meta name=\"twitter:card\" content=\"summary_large_image\" \/>\n<meta name=\"twitter:site\" content=\"@LeRegardLibre\" \/>\n<meta name=\"twitter:label1\" content=\"Est. reading time\" \/>\n\t<meta name=\"twitter:data1\" content=\"1 minute\" \/>\n<script type=\"application\/ld+json\" class=\"yoast-schema-graph\">{\"@context\":\"https:\\\/\\\/schema.org\",\"@graph\":[{\"@type\":\"WebPage\",\"@id\":\"https:\\\/\\\/leregardlibre.com\\\/produit\\\/le-regard-libre-n-50\\\/\",\"url\":\"https:\\\/\\\/leregardlibre.com\\\/produit\\\/le-regard-libre-n-50\\\/\",\"name\":\"Le Regard Libre - N\u00b0\u00a050 | Le Regard Libre\",\"isPartOf\":{\"@id\":\"https:\\\/\\\/leregardlibre.com\\\/#website\"},\"primaryImageOfPage\":{\"@id\":\"https:\\\/\\\/leregardlibre.com\\\/produit\\\/le-regard-libre-n-50\\\/#primaryimage\"},\"image\":{\"@id\":\"https:\\\/\\\/leregardlibre.com\\\/produit\\\/le-regard-libre-n-50\\\/#primaryimage\"},\"thumbnailUrl\":\"https:\\\/\\\/leregardlibre.com\\\/wp-content\\\/uploads\\\/2019\\\/04\\\/Une-RL-N\u00b0-50-scaled.jpg\",\"datePublished\":\"2019-04-10T17:52:58+00:00\",\"dateModified\":\"2024-07-10T13:45:34+00:00\",\"breadcrumb\":{\"@id\":\"https:\\\/\\\/leregardlibre.com\\\/produit\\\/le-regard-libre-n-50\\\/#breadcrumb\"},\"inLanguage\":\"en-US\",\"potentialAction\":[{\"@type\":\"ReadAction\",\"target\":[\"https:\\\/\\\/leregardlibre.com\\\/produit\\\/le-regard-libre-n-50\\\/\"]}]},{\"@type\":\"ImageObject\",\"inLanguage\":\"en-US\",\"@id\":\"https:\\\/\\\/leregardlibre.com\\\/produit\\\/le-regard-libre-n-50\\\/#primaryimage\",\"url\":\"https:\\\/\\\/leregardlibre.com\\\/wp-content\\\/uploads\\\/2019\\\/04\\\/Une-RL-N\u00b0-50-scaled.jpg\",\"contentUrl\":\"https:\\\/\\\/leregardlibre.com\\\/wp-content\\\/uploads\\\/2019\\\/04\\\/Une-RL-N\u00b0-50-scaled.jpg\",\"width\":4961,\"height\":7016},{\"@type\":\"BreadcrumbList\",\"@id\":\"https:\\\/\\\/leregardlibre.com\\\/produit\\\/le-regard-libre-n-50\\\/#breadcrumb\",\"itemListElement\":[{\"@type\":\"ListItem\",\"position\":1,\"name\":\"Accueil\",\"item\":\"https:\\\/\\\/leregardlibre.com\\\/\"},{\"@type\":\"ListItem\",\"position\":2,\"name\":\"Boutique\",\"item\":\"https:\\\/\\\/leregardlibre.com\\\/boutique\\\/\"},{\"@type\":\"ListItem\",\"position\":3,\"name\":\"Le Regard Libre &#8211; N\u00b0\u00a050\"}]},{\"@type\":\"WebSite\",\"@id\":\"https:\\\/\\\/leregardlibre.com\\\/#website\",\"url\":\"https:\\\/\\\/leregardlibre.com\\\/\",\"name\":\"Le Regard Libre\",\"description\":\"Premier mensuel suisse de d\u00e9bat\",\"publisher\":{\"@id\":\"https:\\\/\\\/leregardlibre.com\\\/#organization\"},\"potentialAction\":[{\"@type\":\"SearchAction\",\"target\":{\"@type\":\"EntryPoint\",\"urlTemplate\":\"https:\\\/\\\/leregardlibre.com\\\/?s={search_term_string}\"},\"query-input\":{\"@type\":\"PropertyValueSpecification\",\"valueRequired\":true,\"valueName\":\"search_term_string\"}}],\"inLanguage\":\"en-US\"},{\"@type\":\"Organization\",\"@id\":\"https:\\\/\\\/leregardlibre.com\\\/#organization\",\"name\":\"Le Regard Libre\",\"url\":\"https:\\\/\\\/leregardlibre.com\\\/\",\"logo\":{\"@type\":\"ImageObject\",\"inLanguage\":\"en-US\",\"@id\":\"https:\\\/\\\/leregardlibre.com\\\/#\\\/schema\\\/logo\\\/image\\\/\",\"url\":\"https:\\\/\\\/leregardlibre.com\\\/wp-content\\\/uploads\\\/2025\\\/08\\\/logo-rl-icone-neg.jpeg\",\"contentUrl\":\"https:\\\/\\\/leregardlibre.com\\\/wp-content\\\/uploads\\\/2025\\\/08\\\/logo-rl-icone-neg.jpeg\",\"width\":557,\"height\":556,\"caption\":\"Le Regard Libre\"},\"image\":{\"@id\":\"https:\\\/\\\/leregardlibre.com\\\/#\\\/schema\\\/logo\\\/image\\\/\"},\"sameAs\":[\"https:\\\/\\\/www.facebook.com\\\/leregardlibre\\\/\",\"https:\\\/\\\/x.com\\\/LeRegardLibre\",\"https:\\\/\\\/www.linkedin.com\\\/company\\\/le-regard-libre\",\"https:\\\/\\\/www.instagram.com\\\/leregardlibre\\\/\",\"http:\\\/\\\/t.me\\\/leregardlibre\",\"https:\\\/\\\/youtube.com\\\/channel\\\/UC6HzGPomj1LsUmlz-sJtITQ\"],\"description\":\"Le Regard Libre est un mensuel suisse de d\u00e9bat intellectuel et culturel. Sa r\u00e9daction est jeune, b\u00e9n\u00e9vole, lib\u00e9rale et pluraliste. Le magazine para\u00eet en ligne et sous forme papier. Sa langue est le fran\u00e7ais.\",\"email\":\"redaction@leregardlibre.com\",\"legalName\":\"Le Regard Libre\",\"foundingDate\":\"2014-01-01\",\"numberOfEmployees\":{\"@type\":\"QuantitativeValue\",\"minValue\":\"11\",\"maxValue\":\"50\"},\"publishingPrinciples\":\"https:\\\/\\\/leregardlibre.com\\\/a-propos\\\/notre-manifeste\\\/\",\"ownershipFundingInfo\":\"https:\\\/\\\/leregardlibre.com\\\/mentions-legales\\\/\",\"actionableFeedbackPolicy\":\"https:\\\/\\\/leregardlibre.com\\\/conditions-generales-de-vente\\\/\"}]}<\/script>\n<!-- \/ Yoast SEO Premium plugin. -->","yoast_head_json":{"title":"Le Regard Libre - N\u00b0 50 | Le Regard Libre","robots":{"index":"index","follow":"follow","max-snippet":"max-snippet:-1","max-image-preview":"max-image-preview:large","max-video-preview":"max-video-preview:-1"},"canonical":"https:\/\/leregardlibre.com\/en\/product\/le-regard-libre-n-50\/","og_locale":"en_US","og_type":"article","og_title":"Le Regard Libre - N\u00b0\u00a050","og_description":"Exemplaire papier Edition de mai 2019 - NUM\u00c9RO \u00c9V\u00c9NEMENT #50 Format magazine papier chic (68 pages) SOMMAIRE: 04 Editorial Les...","og_url":"https:\/\/leregardlibre.com\/en\/product\/le-regard-libre-n-50\/","og_site_name":"Le Regard Libre","article_publisher":"https:\/\/www.facebook.com\/leregardlibre\/","article_modified_time":"2024-07-10T13:45:34+00:00","og_image":[{"width":724,"height":1024,"url":"https:\/\/leregardlibre.com\/wp-content\/uploads\/2019\/04\/Une-RL-N\u00b0-50-724x1024.jpg","type":"image\/jpeg"}],"twitter_card":"summary_large_image","twitter_site":"@LeRegardLibre","twitter_misc":{"Est. reading time":"1 minute"},"schema":{"@context":"https:\/\/schema.org","@graph":[{"@type":"WebPage","@id":"https:\/\/leregardlibre.com\/produit\/le-regard-libre-n-50\/","url":"https:\/\/leregardlibre.com\/produit\/le-regard-libre-n-50\/","name":"Le Regard Libre - N\u00b0 50 | Le Regard Libre","isPartOf":{"@id":"https:\/\/leregardlibre.com\/#website"},"primaryImageOfPage":{"@id":"https:\/\/leregardlibre.com\/produit\/le-regard-libre-n-50\/#primaryimage"},"image":{"@id":"https:\/\/leregardlibre.com\/produit\/le-regard-libre-n-50\/#primaryimage"},"thumbnailUrl":"https:\/\/leregardlibre.com\/wp-content\/uploads\/2019\/04\/Une-RL-N\u00b0-50-scaled.jpg","datePublished":"2019-04-10T17:52:58+00:00","dateModified":"2024-07-10T13:45:34+00:00","breadcrumb":{"@id":"https:\/\/leregardlibre.com\/produit\/le-regard-libre-n-50\/#breadcrumb"},"inLanguage":"en-US","potentialAction":[{"@type":"ReadAction","target":["https:\/\/leregardlibre.com\/produit\/le-regard-libre-n-50\/"]}]},{"@type":"ImageObject","inLanguage":"en-US","@id":"https:\/\/leregardlibre.com\/produit\/le-regard-libre-n-50\/#primaryimage","url":"https:\/\/leregardlibre.com\/wp-content\/uploads\/2019\/04\/Une-RL-N\u00b0-50-scaled.jpg","contentUrl":"https:\/\/leregardlibre.com\/wp-content\/uploads\/2019\/04\/Une-RL-N\u00b0-50-scaled.jpg","width":4961,"height":7016},{"@type":"BreadcrumbList","@id":"https:\/\/leregardlibre.com\/produit\/le-regard-libre-n-50\/#breadcrumb","itemListElement":[{"@type":"ListItem","position":1,"name":"Accueil","item":"https:\/\/leregardlibre.com\/"},{"@type":"ListItem","position":2,"name":"Boutique","item":"https:\/\/leregardlibre.com\/boutique\/"},{"@type":"ListItem","position":3,"name":"Le Regard Libre &#8211; N\u00b0\u00a050"}]},{"@type":"WebSite","@id":"https:\/\/leregardlibre.com\/#website","url":"https:\/\/leregardlibre.com\/","name":"Le Regard Libre","description":"Switzerland's first monthly debate magazine","publisher":{"@id":"https:\/\/leregardlibre.com\/#organization"},"potentialAction":[{"@type":"SearchAction","target":{"@type":"EntryPoint","urlTemplate":"https:\/\/leregardlibre.com\/?s={search_term_string}"},"query-input":{"@type":"PropertyValueSpecification","valueRequired":true,"valueName":"search_term_string"}}],"inLanguage":"en-US"},{"@type":"Organization","@id":"https:\/\/leregardlibre.com\/#organization","name":"Le Regard Libre","url":"https:\/\/leregardlibre.com\/","logo":{"@type":"ImageObject","inLanguage":"en-US","@id":"https:\/\/leregardlibre.com\/#\/schema\/logo\/image\/","url":"https:\/\/leregardlibre.com\/wp-content\/uploads\/2025\/08\/logo-rl-icone-neg.jpeg","contentUrl":"https:\/\/leregardlibre.com\/wp-content\/uploads\/2025\/08\/logo-rl-icone-neg.jpeg","width":557,"height":556,"caption":"Le Regard Libre"},"image":{"@id":"https:\/\/leregardlibre.com\/#\/schema\/logo\/image\/"},"sameAs":["https:\/\/www.facebook.com\/leregardlibre\/","https:\/\/x.com\/LeRegardLibre","https:\/\/www.linkedin.com\/company\/le-regard-libre","https:\/\/www.instagram.com\/leregardlibre\/","http:\/\/t.me\/leregardlibre","https:\/\/youtube.com\/channel\/UC6HzGPomj1LsUmlz-sJtITQ"],"description":"Le Regard Libre is a Swiss monthly magazine for intellectual and cultural debate. Its editorial team is young, voluntary, liberal and pluralist. The magazine appears online and in print. Its language is French.","email":"redaction@leregardlibre.com","legalName":"Le Regard Libre","foundingDate":"2014-01-01","numberOfEmployees":{"@type":"QuantitativeValue","minValue":"11","maxValue":"50"},"publishingPrinciples":"https:\/\/leregardlibre.com\/a-propos\/notre-manifeste\/","ownershipFundingInfo":"https:\/\/leregardlibre.com\/mentions-legales\/","actionableFeedbackPolicy":"https:\/\/leregardlibre.com\/conditions-generales-de-vente\/"}]}},"_links":{"self":[{"href":"https:\/\/leregardlibre.com\/en\/wp-json\/wp\/v2\/product\/20230","targetHints":{"allow":["GET"]}}],"collection":[{"href":"https:\/\/leregardlibre.com\/en\/wp-json\/wp\/v2\/product"}],"about":[{"href":"https:\/\/leregardlibre.com\/en\/wp-json\/wp\/v2\/types\/product"}],"replies":[{"embeddable":true,"href":"https:\/\/leregardlibre.com\/en\/wp-json\/wp\/v2\/comments?post=20230"}],"wp:featuredmedia":[{"embeddable":true,"href":"https:\/\/leregardlibre.com\/en\/wp-json\/wp\/v2\/media\/20231"}],"wp:attachment":[{"href":"https:\/\/leregardlibre.com\/en\/wp-json\/wp\/v2\/media?parent=20230"}],"wp:term":[{"taxonomy":"product_brand","embeddable":true,"href":"https:\/\/leregardlibre.com\/en\/wp-json\/wp\/v2\/product_brand?post=20230"},{"taxonomy":"product_cat","embeddable":true,"href":"https:\/\/leregardlibre.com\/en\/wp-json\/wp\/v2\/product_cat?post=20230"},{"taxonomy":"product_tag","embeddable":true,"href":"https:\/\/leregardlibre.com\/en\/wp-json\/wp\/v2\/product_tag?post=20230"}],"curies":[{"name":"wp","href":"https:\/\/api.w.org\/{rel}","templated":true}]}}