{"id":526760,"date":"2025-02-25T11:25:16","date_gmt":"2025-02-25T10:25:16","guid":{"rendered":"https:\/\/leregardlibre.com\/?post_type=product&#038;p=526760"},"modified":"2026-03-10T07:45:58","modified_gmt":"2026-03-10T06:45:58","slug":"esprit-dentreprise-commande","status":"publish","type":"product","link":"https:\/\/leregardlibre.com\/en\/product\/esprit-dentreprise-commande\/","title":{"rendered":"Le Regard Libre hors-s\u00e9rie N\u00b05 | \u00abVive l'esprit d'entreprise!\u00bb"},"content":{"rendered":"<p><em>Le Regard Libre<\/em> special issue N\u00b05 | \u00abVive l'esprit d'entreprise!\u00bb<br \/>\nPaper copy<br \/>\nSupplement enclosed in the current March 2025 issue for subscribers<br \/>\nChic paper magazine format<\/p>\n<hr \/>\n<p class=\"p1\"><strong><span class=\"s1\">Editorial<br \/>\n<\/span><\/strong><span class=\"s2\">05<\/span> Jonas Follonier, founder and editor-in-chief of the <i>Regard Libre<\/i>: Encouraging entrepreneurship<\/p>\n<p class=\"p1\"><strong><span class=\"s1\">Inspirational figures<br \/>\n<\/span><\/strong><span class=\"s2\">06<\/span> Timon Zimmermann, founder of MageMetrics: \u00abI try to live an intentional life\u00bb.\u00bb<\/p>\n<p class=\"p1\"><span class=\"s2\">12<\/span> Carole Hubscher, President of Caran d'Ache: \u00abJuggling tradition and innovation is a constant challenge\u00bb.\u00bb<\/p>\n<p class=\"p3\"><span class=\"s4\">18<\/span><span class=\"s3\"> Alan Frei, founder of Amorana: \u00abThe entrepreneurial spirit is not innate\u00bb.\u00bb<\/span><\/p>\n<p class=\"p3\"><span class=\"s2\">22<\/span> L\u00e9a Miggiano, co-founder of Carvolution: \u00abIf you have a cool team, you know very well why you do what you do.\u00bb<\/p>\n<p class=\"p1\"><strong><span class=\"s1\">Analysis<\/span><\/strong><\/p>\n<p class=\"p3\"><span class=\"s2\">26<\/span> Olivier Meuwly, historian: The desertion of the entrepreneur in Swiss politics<\/p>\n<p class=\"p3\"><span class=\"s2\">29<\/span> Florian Schweitzer, founding partner of b2ventures: It's not the money that's lacking, it's the will<\/p>\n<p class=\"p1\">We would like to thank the Bonny Foundation for Freedom and the PEMOL-Baumann Foundation for their support of this special issue, produced in collaboration with <i>Schweizer Monat<\/i>. <i>Le Regard Libre<\/i> is responsible for writing this supplement.<\/p>\n<p><strong>All articles in this issue are available <a href=\"https:\/\/leregardlibre.com\/en\/ee\/\">free of charge here<\/a>.<\/strong><\/p>","protected":false},"excerpt":{"rendered":"<p>Le Regard Libre hors-s\u00e9rie N\u00b05 | \u00abVive l\u2019esprit d\u2019entreprise!\u00bb Exemplaire papier Suppl\u00e9ment joint dans l\u2019\u00e9dition courante de mars 2025 pour&#8230;<\/p>","protected":false},"featured_media":526765,"comment_status":"open","ping_status":"closed","template":"","meta":{"_acf_changed":false},"product_brand":[],"product_cat":[644358513],"product_tag":[],"class_list":{"0":"post-526760","1":"product","2":"type-product","3":"status-publish","4":"has-post-thumbnail","6":"product_cat-hors-series","8":"first","9":"instock","10":"shipping-taxable","11":"purchasable","12":"product-type-variable"},"acf":[],"yoast_head":"<!-- This site is optimized with the Yoast SEO Premium plugin v27.4 (Yoast SEO v27.4) - https:\/\/yoast.com\/product\/yoast-seo-premium-wordpress\/ -->\n<title>Le Regard Libre hors-s\u00e9rie N\u00b05 | \u00abVive l\u2019esprit d\u2019entreprise!\u00bb<\/title>\n<meta name=\"robots\" content=\"index, follow, max-snippet:-1, max-image-preview:large, max-video-preview:-1\" \/>\n<link rel=\"canonical\" href=\"https:\/\/leregardlibre.com\/en\/product\/esprit-dentreprise-commande\/\" \/>\n<meta property=\"og:locale\" content=\"en_US\" \/>\n<meta property=\"og:type\" content=\"article\" \/>\n<meta property=\"og:title\" content=\"Le Regard Libre hors-s\u00e9rie N\u00b05 | \u00abVive l\u2019esprit d\u2019entreprise!\u00bb\" \/>\n<meta property=\"og:description\" content=\"Le Regard Libre hors-s\u00e9rie N\u00b05 | \u00abVive l\u2019esprit d\u2019entreprise!\u00bb Exemplaire papier Suppl\u00e9ment joint dans l\u2019\u00e9dition courante de mars 2025 pour...\" \/>\n<meta property=\"og:url\" content=\"https:\/\/leregardlibre.com\/en\/product\/esprit-dentreprise-commande\/\" \/>\n<meta property=\"og:site_name\" content=\"Le Regard Libre\" \/>\n<meta property=\"article:publisher\" content=\"https:\/\/www.facebook.com\/leregardlibre\/\" \/>\n<meta property=\"article:modified_time\" content=\"2026-03-10T06:45:58+00:00\" \/>\n<meta property=\"og:image\" content=\"https:\/\/leregardlibre.com\/wp-content\/uploads\/2025\/02\/une-le-regard-libre-hors-serie-n5_esprit-entrepreneurial-e1740492289943.jpg\" \/>\n\t<meta property=\"og:image:width\" content=\"1357\" \/>\n\t<meta property=\"og:image:height\" content=\"1920\" \/>\n\t<meta property=\"og:image:type\" content=\"image\/jpeg\" \/>\n<meta name=\"twitter:card\" content=\"summary_large_image\" \/>\n<meta name=\"twitter:site\" content=\"@LeRegardLibre\" \/>\n<meta name=\"twitter:label1\" content=\"Est. reading time\" \/>\n\t<meta name=\"twitter:data1\" content=\"2 minutes\" \/>\n<script type=\"application\/ld+json\" class=\"yoast-schema-graph\">{\"@context\":\"https:\\\/\\\/schema.org\",\"@graph\":[{\"@type\":\"WebPage\",\"@id\":\"https:\\\/\\\/leregardlibre.com\\\/produit\\\/esprit-dentreprise-commande\\\/\",\"url\":\"https:\\\/\\\/leregardlibre.com\\\/produit\\\/esprit-dentreprise-commande\\\/\",\"name\":\"Le Regard Libre hors-s\u00e9rie N\u00b05 | \u00abVive l\u2019esprit d\u2019entreprise!\u00bb\",\"isPartOf\":{\"@id\":\"https:\\\/\\\/leregardlibre.com\\\/#website\"},\"primaryImageOfPage\":{\"@id\":\"https:\\\/\\\/leregardlibre.com\\\/produit\\\/esprit-dentreprise-commande\\\/#primaryimage\"},\"image\":{\"@id\":\"https:\\\/\\\/leregardlibre.com\\\/produit\\\/esprit-dentreprise-commande\\\/#primaryimage\"},\"thumbnailUrl\":\"https:\\\/\\\/leregardlibre.com\\\/wp-content\\\/uploads\\\/2025\\\/02\\\/une-le-regard-libre-hors-serie-n5_esprit-entrepreneurial-e1740492289943.jpg\",\"datePublished\":\"2025-02-25T10:25:16+00:00\",\"dateModified\":\"2026-03-10T06:45:58+00:00\",\"breadcrumb\":{\"@id\":\"https:\\\/\\\/leregardlibre.com\\\/produit\\\/esprit-dentreprise-commande\\\/#breadcrumb\"},\"inLanguage\":\"en-US\",\"potentialAction\":[{\"@type\":\"ReadAction\",\"target\":[\"https:\\\/\\\/leregardlibre.com\\\/produit\\\/esprit-dentreprise-commande\\\/\"]}]},{\"@type\":\"ImageObject\",\"inLanguage\":\"en-US\",\"@id\":\"https:\\\/\\\/leregardlibre.com\\\/produit\\\/esprit-dentreprise-commande\\\/#primaryimage\",\"url\":\"https:\\\/\\\/leregardlibre.com\\\/wp-content\\\/uploads\\\/2025\\\/02\\\/une-le-regard-libre-hors-serie-n5_esprit-entrepreneurial-e1740492289943.jpg\",\"contentUrl\":\"https:\\\/\\\/leregardlibre.com\\\/wp-content\\\/uploads\\\/2025\\\/02\\\/une-le-regard-libre-hors-serie-n5_esprit-entrepreneurial-e1740492289943.jpg\",\"width\":1357,\"height\":1920},{\"@type\":\"BreadcrumbList\",\"@id\":\"https:\\\/\\\/leregardlibre.com\\\/produit\\\/esprit-dentreprise-commande\\\/#breadcrumb\",\"itemListElement\":[{\"@type\":\"ListItem\",\"position\":1,\"name\":\"Accueil\",\"item\":\"https:\\\/\\\/leregardlibre.com\\\/\"},{\"@type\":\"ListItem\",\"position\":2,\"name\":\"Boutique\",\"item\":\"https:\\\/\\\/leregardlibre.com\\\/boutique\\\/\"},{\"@type\":\"ListItem\",\"position\":3,\"name\":\"Le Regard Libre hors-s\u00e9rie N\u00b05 | \u00abVive l\u2019esprit d\u2019entreprise!\u00bb\"}]},{\"@type\":\"WebSite\",\"@id\":\"https:\\\/\\\/leregardlibre.com\\\/#website\",\"url\":\"https:\\\/\\\/leregardlibre.com\\\/\",\"name\":\"Le Regard Libre\",\"description\":\"Premier mensuel suisse de d\u00e9bat\",\"publisher\":{\"@id\":\"https:\\\/\\\/leregardlibre.com\\\/#organization\"},\"potentialAction\":[{\"@type\":\"SearchAction\",\"target\":{\"@type\":\"EntryPoint\",\"urlTemplate\":\"https:\\\/\\\/leregardlibre.com\\\/?s={search_term_string}\"},\"query-input\":{\"@type\":\"PropertyValueSpecification\",\"valueRequired\":true,\"valueName\":\"search_term_string\"}}],\"inLanguage\":\"en-US\"},{\"@type\":\"Organization\",\"@id\":\"https:\\\/\\\/leregardlibre.com\\\/#organization\",\"name\":\"Le Regard Libre\",\"url\":\"https:\\\/\\\/leregardlibre.com\\\/\",\"logo\":{\"@type\":\"ImageObject\",\"inLanguage\":\"en-US\",\"@id\":\"https:\\\/\\\/leregardlibre.com\\\/#\\\/schema\\\/logo\\\/image\\\/\",\"url\":\"https:\\\/\\\/leregardlibre.com\\\/wp-content\\\/uploads\\\/2025\\\/08\\\/logo-rl-icone-neg.jpeg\",\"contentUrl\":\"https:\\\/\\\/leregardlibre.com\\\/wp-content\\\/uploads\\\/2025\\\/08\\\/logo-rl-icone-neg.jpeg\",\"width\":557,\"height\":556,\"caption\":\"Le Regard Libre\"},\"image\":{\"@id\":\"https:\\\/\\\/leregardlibre.com\\\/#\\\/schema\\\/logo\\\/image\\\/\"},\"sameAs\":[\"https:\\\/\\\/www.facebook.com\\\/leregardlibre\\\/\",\"https:\\\/\\\/x.com\\\/LeRegardLibre\",\"https:\\\/\\\/www.linkedin.com\\\/company\\\/le-regard-libre\",\"https:\\\/\\\/www.instagram.com\\\/leregardlibre\\\/\",\"http:\\\/\\\/t.me\\\/leregardlibre\",\"https:\\\/\\\/youtube.com\\\/channel\\\/UC6HzGPomj1LsUmlz-sJtITQ\"],\"description\":\"Le Regard Libre est un mensuel suisse de d\u00e9bat intellectuel et culturel. Sa r\u00e9daction est jeune, b\u00e9n\u00e9vole, lib\u00e9rale et pluraliste. Le magazine para\u00eet en ligne et sous forme papier. Sa langue est le fran\u00e7ais.\",\"email\":\"redaction@leregardlibre.com\",\"legalName\":\"Le Regard Libre\",\"foundingDate\":\"2014-01-01\",\"numberOfEmployees\":{\"@type\":\"QuantitativeValue\",\"minValue\":\"11\",\"maxValue\":\"50\"},\"publishingPrinciples\":\"https:\\\/\\\/leregardlibre.com\\\/a-propos\\\/notre-manifeste\\\/\",\"ownershipFundingInfo\":\"https:\\\/\\\/leregardlibre.com\\\/mentions-legales\\\/\",\"actionableFeedbackPolicy\":\"https:\\\/\\\/leregardlibre.com\\\/conditions-generales-de-vente\\\/\"}]}<\/script>\n<!-- \/ Yoast SEO Premium plugin. -->","yoast_head_json":{"title":"Le Regard Libre hors-s\u00e9rie N\u00b05 | \u00abVive l'esprit d'entreprise!\u00bb","robots":{"index":"index","follow":"follow","max-snippet":"max-snippet:-1","max-image-preview":"max-image-preview:large","max-video-preview":"max-video-preview:-1"},"canonical":"https:\/\/leregardlibre.com\/en\/product\/esprit-dentreprise-commande\/","og_locale":"en_US","og_type":"article","og_title":"Le Regard Libre hors-s\u00e9rie N\u00b05 | \u00abVive l\u2019esprit d\u2019entreprise!\u00bb","og_description":"Le Regard Libre hors-s\u00e9rie N\u00b05 | \u00abVive l\u2019esprit d\u2019entreprise!\u00bb Exemplaire papier Suppl\u00e9ment joint dans l\u2019\u00e9dition courante de mars 2025 pour...","og_url":"https:\/\/leregardlibre.com\/en\/product\/esprit-dentreprise-commande\/","og_site_name":"Le Regard Libre","article_publisher":"https:\/\/www.facebook.com\/leregardlibre\/","article_modified_time":"2026-03-10T06:45:58+00:00","og_image":[{"width":1357,"height":1920,"url":"https:\/\/leregardlibre.com\/wp-content\/uploads\/2025\/02\/une-le-regard-libre-hors-serie-n5_esprit-entrepreneurial-e1740492289943.jpg","type":"image\/jpeg"}],"twitter_card":"summary_large_image","twitter_site":"@LeRegardLibre","twitter_misc":{"Est. reading time":"2 minutes"},"schema":{"@context":"https:\/\/schema.org","@graph":[{"@type":"WebPage","@id":"https:\/\/leregardlibre.com\/produit\/esprit-dentreprise-commande\/","url":"https:\/\/leregardlibre.com\/produit\/esprit-dentreprise-commande\/","name":"Le Regard Libre hors-s\u00e9rie N\u00b05 | \u00abVive l'esprit d'entreprise!\u00bb","isPartOf":{"@id":"https:\/\/leregardlibre.com\/#website"},"primaryImageOfPage":{"@id":"https:\/\/leregardlibre.com\/produit\/esprit-dentreprise-commande\/#primaryimage"},"image":{"@id":"https:\/\/leregardlibre.com\/produit\/esprit-dentreprise-commande\/#primaryimage"},"thumbnailUrl":"https:\/\/leregardlibre.com\/wp-content\/uploads\/2025\/02\/une-le-regard-libre-hors-serie-n5_esprit-entrepreneurial-e1740492289943.jpg","datePublished":"2025-02-25T10:25:16+00:00","dateModified":"2026-03-10T06:45:58+00:00","breadcrumb":{"@id":"https:\/\/leregardlibre.com\/produit\/esprit-dentreprise-commande\/#breadcrumb"},"inLanguage":"en-US","potentialAction":[{"@type":"ReadAction","target":["https:\/\/leregardlibre.com\/produit\/esprit-dentreprise-commande\/"]}]},{"@type":"ImageObject","inLanguage":"en-US","@id":"https:\/\/leregardlibre.com\/produit\/esprit-dentreprise-commande\/#primaryimage","url":"https:\/\/leregardlibre.com\/wp-content\/uploads\/2025\/02\/une-le-regard-libre-hors-serie-n5_esprit-entrepreneurial-e1740492289943.jpg","contentUrl":"https:\/\/leregardlibre.com\/wp-content\/uploads\/2025\/02\/une-le-regard-libre-hors-serie-n5_esprit-entrepreneurial-e1740492289943.jpg","width":1357,"height":1920},{"@type":"BreadcrumbList","@id":"https:\/\/leregardlibre.com\/produit\/esprit-dentreprise-commande\/#breadcrumb","itemListElement":[{"@type":"ListItem","position":1,"name":"Accueil","item":"https:\/\/leregardlibre.com\/"},{"@type":"ListItem","position":2,"name":"Boutique","item":"https:\/\/leregardlibre.com\/boutique\/"},{"@type":"ListItem","position":3,"name":"Le Regard Libre hors-s\u00e9rie N\u00b05 | \u00abVive l\u2019esprit d\u2019entreprise!\u00bb"}]},{"@type":"WebSite","@id":"https:\/\/leregardlibre.com\/#website","url":"https:\/\/leregardlibre.com\/","name":"Le Regard Libre","description":"Switzerland's first monthly debate magazine","publisher":{"@id":"https:\/\/leregardlibre.com\/#organization"},"potentialAction":[{"@type":"SearchAction","target":{"@type":"EntryPoint","urlTemplate":"https:\/\/leregardlibre.com\/?s={search_term_string}"},"query-input":{"@type":"PropertyValueSpecification","valueRequired":true,"valueName":"search_term_string"}}],"inLanguage":"en-US"},{"@type":"Organization","@id":"https:\/\/leregardlibre.com\/#organization","name":"Le Regard Libre","url":"https:\/\/leregardlibre.com\/","logo":{"@type":"ImageObject","inLanguage":"en-US","@id":"https:\/\/leregardlibre.com\/#\/schema\/logo\/image\/","url":"https:\/\/leregardlibre.com\/wp-content\/uploads\/2025\/08\/logo-rl-icone-neg.jpeg","contentUrl":"https:\/\/leregardlibre.com\/wp-content\/uploads\/2025\/08\/logo-rl-icone-neg.jpeg","width":557,"height":556,"caption":"Le Regard Libre"},"image":{"@id":"https:\/\/leregardlibre.com\/#\/schema\/logo\/image\/"},"sameAs":["https:\/\/www.facebook.com\/leregardlibre\/","https:\/\/x.com\/LeRegardLibre","https:\/\/www.linkedin.com\/company\/le-regard-libre","https:\/\/www.instagram.com\/leregardlibre\/","http:\/\/t.me\/leregardlibre","https:\/\/youtube.com\/channel\/UC6HzGPomj1LsUmlz-sJtITQ"],"description":"Le Regard Libre is a Swiss monthly magazine for intellectual and cultural debate. Its editorial team is young, voluntary, liberal and pluralist. The magazine appears online and in print. Its language is French.","email":"redaction@leregardlibre.com","legalName":"Le Regard Libre","foundingDate":"2014-01-01","numberOfEmployees":{"@type":"QuantitativeValue","minValue":"11","maxValue":"50"},"publishingPrinciples":"https:\/\/leregardlibre.com\/a-propos\/notre-manifeste\/","ownershipFundingInfo":"https:\/\/leregardlibre.com\/mentions-legales\/","actionableFeedbackPolicy":"https:\/\/leregardlibre.com\/conditions-generales-de-vente\/"}]}},"_links":{"self":[{"href":"https:\/\/leregardlibre.com\/en\/wp-json\/wp\/v2\/product\/526760","targetHints":{"allow":["GET"]}}],"collection":[{"href":"https:\/\/leregardlibre.com\/en\/wp-json\/wp\/v2\/product"}],"about":[{"href":"https:\/\/leregardlibre.com\/en\/wp-json\/wp\/v2\/types\/product"}],"replies":[{"embeddable":true,"href":"https:\/\/leregardlibre.com\/en\/wp-json\/wp\/v2\/comments?post=526760"}],"wp:featuredmedia":[{"embeddable":true,"href":"https:\/\/leregardlibre.com\/en\/wp-json\/wp\/v2\/media\/526765"}],"wp:attachment":[{"href":"https:\/\/leregardlibre.com\/en\/wp-json\/wp\/v2\/media?parent=526760"}],"wp:term":[{"taxonomy":"product_brand","embeddable":true,"href":"https:\/\/leregardlibre.com\/en\/wp-json\/wp\/v2\/product_brand?post=526760"},{"taxonomy":"product_cat","embeddable":true,"href":"https:\/\/leregardlibre.com\/en\/wp-json\/wp\/v2\/product_cat?post=526760"},{"taxonomy":"product_tag","embeddable":true,"href":"https:\/\/leregardlibre.com\/en\/wp-json\/wp\/v2\/product_tag?post=526760"}],"curies":[{"name":"wp","href":"https:\/\/api.w.org\/{rel}","templated":true}]}}