{"id":526982,"date":"2025-03-07T23:49:35","date_gmt":"2025-03-07T22:49:35","guid":{"rendered":"https:\/\/leregardlibre.com\/?post_type=product&#038;p=526982"},"modified":"2025-12-27T17:28:07","modified_gmt":"2025-12-27T16:28:07","slug":"le-regard-libre-n114-dossier-beaute","status":"publish","type":"product","link":"https:\/\/leregardlibre.com\/en\/product\/le-regard-libre-n114-dossier-beaute\/","title":{"rendered":"Le Regard Libre N\u00b0114 | Dossier BEAUTY"},"content":{"rendered":"<p><em>Le Regard Libre<\/em>\u00a0N\u00b0114 | \u00abDoes beauty have a face?\u00bb<br \/>\nPaper copy<br \/>\nMarch 2025 edition<br \/>\nChic paper magazine format<\/p>\n<hr \/>\n<p class=\"p1\"><strong><span class=\"s1\">Opinions and reflections<br \/>\n<\/span><\/strong><span class=\"s1\">05<\/span> Editorial by Jonas Follonier: Neither reason without debate nor debate without reason<br \/>\n<span class=\"s1\">07<\/span> Ralph M\u00fcller's cartridge: The alliance of order and courage<br \/>\n<span class=\"s1\">08<\/span> Marianne Grosjean's message: March 8, two injustices, still no solution<br \/>\n<span class=\"s1\">09<\/span> Pascal Couchepin's reading: <i>Mesopotamia<\/i>, a region victimized by history<br \/>\n<span class=\"s1\">10<\/span> Paul Widmer: \u00abFreedom is Switzerland's raison d'\u00eatre\u00bb.\u00bb<\/p>\n<p class=\"p2\"><strong><span class=\"s2\">Dossier: Bringing beauty back to life<br \/>\n<\/span><\/strong><span class=\"s1\">16<\/span> Roger Scruton's paradox of beauty<br \/>\n<span class=\"s1\">17<\/span> In search of an objective and universal beauty<br \/>\n<span class=\"s1\">18<\/span> The authoritarian temptation to abolish aesthetic canons<br \/>\n<span class=\"s1\">20<\/span> Florian Eglin, dandyism as the art of refining violence<br \/>\n<span class=\"s1\">22<\/span> Image generators take on the challenge of ugliness<\/p>\n<p class=\"p3\"><strong><span class=\"s2\">Cultural news<br \/>\n<\/span><\/strong><span class=\"s1\">30<\/span> <i>Winter Palace<\/i>, the good taste of luxury<br \/>\n<span class=\"s1\">32<\/span> The Western, the endless session of American psychoanalysis<br \/>\n<span class=\"s1\">34<\/span> Six walks to discover Albert Cohen's Geneva<br \/>\n<span class=\"s1\">36<\/span> Fiction: true mythomania or false paranoia?<\/p>\n<p class=\"p3\"><strong><span class=\"s2\">End of magazine events<br \/>\n<\/span><\/strong><span class=\"s1\">38<\/span> Disagreement: Should Switzerland move closer to NATO?<br \/>\n<span class=\"s1\">39<\/span> Trial of the month: <i>Against the culture of clash<\/i> by Antoine Vuille<br \/>\n<span class=\"s1\">40<\/span> Switzerland in 10 episodes: The Lake Geneva region at the heart of the \u00abRepublic of Letters\u00bb.\u00bb<br \/>\n<span class=\"s1\">43<\/span> Theodor Wildt's development notebooks (7\/10)<br \/>\n<span class=\"s1\">44<\/span> Bernard L\u00e9chot's photo essay: 1055, Via Tuscolana<br \/>\n<span class=\"s1\">50<\/span> In brief: Images of the month, a short story and a ChatGPT joke<\/p>","protected":false},"excerpt":{"rendered":"<p>Le Regard Libre\u00a0N\u00b0114 | \u00abLe beau a-t-il un visage?\u00bb Exemplaire papier Edition de mars 2025 Format magazine papier chic Opinions&#8230;<\/p>","protected":false},"featured_media":526984,"comment_status":"open","ping_status":"closed","template":"","meta":{"_acf_changed":false},"product_brand":[],"product_cat":[644340392],"product_tag":[],"class_list":{"0":"post-526982","1":"product","2":"type-product","3":"status-publish","4":"has-post-thumbnail","6":"product_cat-numeros","8":"first","9":"instock","10":"shipping-taxable","11":"purchasable","12":"product-type-variable"},"acf":[],"yoast_head":"<!-- This site is optimized with the Yoast SEO Premium plugin v27.4 (Yoast SEO v27.4) - https:\/\/yoast.com\/product\/yoast-seo-premium-wordpress\/ -->\n<title>Le Regard Libre N\u00b0114 | Dossier BEAUT\u00c9<\/title>\n<meta name=\"robots\" content=\"index, follow, max-snippet:-1, max-image-preview:large, max-video-preview:-1\" \/>\n<link rel=\"canonical\" href=\"https:\/\/leregardlibre.com\/en\/product\/le-regard-libre-n114-dossier-beaute\/\" \/>\n<meta property=\"og:locale\" content=\"en_US\" \/>\n<meta property=\"og:type\" content=\"article\" \/>\n<meta property=\"og:title\" content=\"Le Regard Libre N\u00b0114 | Dossier BEAUT\u00c9\" \/>\n<meta property=\"og:description\" content=\"Le Regard Libre\u00a0N\u00b0114 | \u00abLe beau a-t-il un visage?\u00bb Exemplaire papier Edition de mars 2025 Format magazine papier chic Opinions...\" \/>\n<meta property=\"og:url\" content=\"https:\/\/leregardlibre.com\/en\/product\/le-regard-libre-n114-dossier-beaute\/\" \/>\n<meta property=\"og:site_name\" content=\"Le Regard Libre\" \/>\n<meta property=\"article:publisher\" content=\"https:\/\/www.facebook.com\/leregardlibre\/\" \/>\n<meta property=\"article:modified_time\" content=\"2025-12-27T16:28:07+00:00\" \/>\n<meta property=\"og:image\" content=\"https:\/\/leregardlibre.com\/wp-content\/uploads\/2025\/03\/une-le-regard-libre-n114.jpg\" \/>\n\t<meta property=\"og:image:width\" content=\"2480\" \/>\n\t<meta property=\"og:image:height\" content=\"3508\" \/>\n\t<meta property=\"og:image:type\" content=\"image\/jpeg\" \/>\n<meta name=\"twitter:card\" content=\"summary_large_image\" \/>\n<meta name=\"twitter:site\" content=\"@LeRegardLibre\" \/>\n<meta name=\"twitter:label1\" content=\"Est. reading time\" \/>\n\t<meta name=\"twitter:data1\" content=\"2 minutes\" \/>\n<script type=\"application\/ld+json\" class=\"yoast-schema-graph\">{\"@context\":\"https:\\\/\\\/schema.org\",\"@graph\":[{\"@type\":\"WebPage\",\"@id\":\"https:\\\/\\\/leregardlibre.com\\\/produit\\\/le-regard-libre-n114-dossier-beaute\\\/\",\"url\":\"https:\\\/\\\/leregardlibre.com\\\/produit\\\/le-regard-libre-n114-dossier-beaute\\\/\",\"name\":\"Le Regard Libre N\u00b0114 | Dossier BEAUT\u00c9\",\"isPartOf\":{\"@id\":\"https:\\\/\\\/leregardlibre.com\\\/#website\"},\"primaryImageOfPage\":{\"@id\":\"https:\\\/\\\/leregardlibre.com\\\/produit\\\/le-regard-libre-n114-dossier-beaute\\\/#primaryimage\"},\"image\":{\"@id\":\"https:\\\/\\\/leregardlibre.com\\\/produit\\\/le-regard-libre-n114-dossier-beaute\\\/#primaryimage\"},\"thumbnailUrl\":\"https:\\\/\\\/leregardlibre.com\\\/wp-content\\\/uploads\\\/2025\\\/03\\\/une-le-regard-libre-n114.jpg\",\"datePublished\":\"2025-03-07T22:49:35+00:00\",\"dateModified\":\"2025-12-27T16:28:07+00:00\",\"breadcrumb\":{\"@id\":\"https:\\\/\\\/leregardlibre.com\\\/produit\\\/le-regard-libre-n114-dossier-beaute\\\/#breadcrumb\"},\"inLanguage\":\"en-US\",\"potentialAction\":[{\"@type\":\"ReadAction\",\"target\":[\"https:\\\/\\\/leregardlibre.com\\\/produit\\\/le-regard-libre-n114-dossier-beaute\\\/\"]}]},{\"@type\":\"ImageObject\",\"inLanguage\":\"en-US\",\"@id\":\"https:\\\/\\\/leregardlibre.com\\\/produit\\\/le-regard-libre-n114-dossier-beaute\\\/#primaryimage\",\"url\":\"https:\\\/\\\/leregardlibre.com\\\/wp-content\\\/uploads\\\/2025\\\/03\\\/une-le-regard-libre-n114.jpg\",\"contentUrl\":\"https:\\\/\\\/leregardlibre.com\\\/wp-content\\\/uploads\\\/2025\\\/03\\\/une-le-regard-libre-n114.jpg\",\"width\":2480,\"height\":3508},{\"@type\":\"BreadcrumbList\",\"@id\":\"https:\\\/\\\/leregardlibre.com\\\/produit\\\/le-regard-libre-n114-dossier-beaute\\\/#breadcrumb\",\"itemListElement\":[{\"@type\":\"ListItem\",\"position\":1,\"name\":\"Accueil\",\"item\":\"https:\\\/\\\/leregardlibre.com\\\/\"},{\"@type\":\"ListItem\",\"position\":2,\"name\":\"Boutique\",\"item\":\"https:\\\/\\\/leregardlibre.com\\\/boutique\\\/\"},{\"@type\":\"ListItem\",\"position\":3,\"name\":\"Le Regard Libre N\u00b0114 | Dossier BEAUT\u00c9\"}]},{\"@type\":\"WebSite\",\"@id\":\"https:\\\/\\\/leregardlibre.com\\\/#website\",\"url\":\"https:\\\/\\\/leregardlibre.com\\\/\",\"name\":\"Le Regard Libre\",\"description\":\"Premier mensuel suisse de d\u00e9bat\",\"publisher\":{\"@id\":\"https:\\\/\\\/leregardlibre.com\\\/#organization\"},\"potentialAction\":[{\"@type\":\"SearchAction\",\"target\":{\"@type\":\"EntryPoint\",\"urlTemplate\":\"https:\\\/\\\/leregardlibre.com\\\/?s={search_term_string}\"},\"query-input\":{\"@type\":\"PropertyValueSpecification\",\"valueRequired\":true,\"valueName\":\"search_term_string\"}}],\"inLanguage\":\"en-US\"},{\"@type\":\"Organization\",\"@id\":\"https:\\\/\\\/leregardlibre.com\\\/#organization\",\"name\":\"Le Regard Libre\",\"url\":\"https:\\\/\\\/leregardlibre.com\\\/\",\"logo\":{\"@type\":\"ImageObject\",\"inLanguage\":\"en-US\",\"@id\":\"https:\\\/\\\/leregardlibre.com\\\/#\\\/schema\\\/logo\\\/image\\\/\",\"url\":\"https:\\\/\\\/leregardlibre.com\\\/wp-content\\\/uploads\\\/2025\\\/08\\\/logo-rl-icone-neg.jpeg\",\"contentUrl\":\"https:\\\/\\\/leregardlibre.com\\\/wp-content\\\/uploads\\\/2025\\\/08\\\/logo-rl-icone-neg.jpeg\",\"width\":557,\"height\":556,\"caption\":\"Le Regard Libre\"},\"image\":{\"@id\":\"https:\\\/\\\/leregardlibre.com\\\/#\\\/schema\\\/logo\\\/image\\\/\"},\"sameAs\":[\"https:\\\/\\\/www.facebook.com\\\/leregardlibre\\\/\",\"https:\\\/\\\/x.com\\\/LeRegardLibre\",\"https:\\\/\\\/www.linkedin.com\\\/company\\\/le-regard-libre\",\"https:\\\/\\\/www.instagram.com\\\/leregardlibre\\\/\",\"http:\\\/\\\/t.me\\\/leregardlibre\",\"https:\\\/\\\/youtube.com\\\/channel\\\/UC6HzGPomj1LsUmlz-sJtITQ\"],\"description\":\"Le Regard Libre est un mensuel suisse de d\u00e9bat intellectuel et culturel. Sa r\u00e9daction est jeune, b\u00e9n\u00e9vole, lib\u00e9rale et pluraliste. Le magazine para\u00eet en ligne et sous forme papier. Sa langue est le fran\u00e7ais.\",\"email\":\"redaction@leregardlibre.com\",\"legalName\":\"Le Regard Libre\",\"foundingDate\":\"2014-01-01\",\"numberOfEmployees\":{\"@type\":\"QuantitativeValue\",\"minValue\":\"11\",\"maxValue\":\"50\"},\"publishingPrinciples\":\"https:\\\/\\\/leregardlibre.com\\\/a-propos\\\/notre-manifeste\\\/\",\"ownershipFundingInfo\":\"https:\\\/\\\/leregardlibre.com\\\/mentions-legales\\\/\",\"actionableFeedbackPolicy\":\"https:\\\/\\\/leregardlibre.com\\\/conditions-generales-de-vente\\\/\"}]}<\/script>\n<!-- \/ Yoast SEO Premium plugin. -->","yoast_head_json":{"title":"Le Regard Libre N\u00b0114 | Dossier BEAUTY","robots":{"index":"index","follow":"follow","max-snippet":"max-snippet:-1","max-image-preview":"max-image-preview:large","max-video-preview":"max-video-preview:-1"},"canonical":"https:\/\/leregardlibre.com\/en\/product\/le-regard-libre-n114-dossier-beaute\/","og_locale":"en_US","og_type":"article","og_title":"Le Regard Libre N\u00b0114 | Dossier BEAUT\u00c9","og_description":"Le Regard Libre\u00a0N\u00b0114 | \u00abLe beau a-t-il un visage?\u00bb Exemplaire papier Edition de mars 2025 Format magazine papier chic Opinions...","og_url":"https:\/\/leregardlibre.com\/en\/product\/le-regard-libre-n114-dossier-beaute\/","og_site_name":"Le Regard Libre","article_publisher":"https:\/\/www.facebook.com\/leregardlibre\/","article_modified_time":"2025-12-27T16:28:07+00:00","og_image":[{"width":2480,"height":3508,"url":"https:\/\/leregardlibre.com\/wp-content\/uploads\/2025\/03\/une-le-regard-libre-n114.jpg","type":"image\/jpeg"}],"twitter_card":"summary_large_image","twitter_site":"@LeRegardLibre","twitter_misc":{"Est. reading time":"2 minutes"},"schema":{"@context":"https:\/\/schema.org","@graph":[{"@type":"WebPage","@id":"https:\/\/leregardlibre.com\/produit\/le-regard-libre-n114-dossier-beaute\/","url":"https:\/\/leregardlibre.com\/produit\/le-regard-libre-n114-dossier-beaute\/","name":"Le Regard Libre N\u00b0114 | Dossier BEAUTY","isPartOf":{"@id":"https:\/\/leregardlibre.com\/#website"},"primaryImageOfPage":{"@id":"https:\/\/leregardlibre.com\/produit\/le-regard-libre-n114-dossier-beaute\/#primaryimage"},"image":{"@id":"https:\/\/leregardlibre.com\/produit\/le-regard-libre-n114-dossier-beaute\/#primaryimage"},"thumbnailUrl":"https:\/\/leregardlibre.com\/wp-content\/uploads\/2025\/03\/une-le-regard-libre-n114.jpg","datePublished":"2025-03-07T22:49:35+00:00","dateModified":"2025-12-27T16:28:07+00:00","breadcrumb":{"@id":"https:\/\/leregardlibre.com\/produit\/le-regard-libre-n114-dossier-beaute\/#breadcrumb"},"inLanguage":"en-US","potentialAction":[{"@type":"ReadAction","target":["https:\/\/leregardlibre.com\/produit\/le-regard-libre-n114-dossier-beaute\/"]}]},{"@type":"ImageObject","inLanguage":"en-US","@id":"https:\/\/leregardlibre.com\/produit\/le-regard-libre-n114-dossier-beaute\/#primaryimage","url":"https:\/\/leregardlibre.com\/wp-content\/uploads\/2025\/03\/une-le-regard-libre-n114.jpg","contentUrl":"https:\/\/leregardlibre.com\/wp-content\/uploads\/2025\/03\/une-le-regard-libre-n114.jpg","width":2480,"height":3508},{"@type":"BreadcrumbList","@id":"https:\/\/leregardlibre.com\/produit\/le-regard-libre-n114-dossier-beaute\/#breadcrumb","itemListElement":[{"@type":"ListItem","position":1,"name":"Accueil","item":"https:\/\/leregardlibre.com\/"},{"@type":"ListItem","position":2,"name":"Boutique","item":"https:\/\/leregardlibre.com\/boutique\/"},{"@type":"ListItem","position":3,"name":"Le Regard Libre N\u00b0114 | Dossier BEAUT\u00c9"}]},{"@type":"WebSite","@id":"https:\/\/leregardlibre.com\/#website","url":"https:\/\/leregardlibre.com\/","name":"Le Regard Libre","description":"Switzerland's first monthly debate magazine","publisher":{"@id":"https:\/\/leregardlibre.com\/#organization"},"potentialAction":[{"@type":"SearchAction","target":{"@type":"EntryPoint","urlTemplate":"https:\/\/leregardlibre.com\/?s={search_term_string}"},"query-input":{"@type":"PropertyValueSpecification","valueRequired":true,"valueName":"search_term_string"}}],"inLanguage":"en-US"},{"@type":"Organization","@id":"https:\/\/leregardlibre.com\/#organization","name":"Le Regard Libre","url":"https:\/\/leregardlibre.com\/","logo":{"@type":"ImageObject","inLanguage":"en-US","@id":"https:\/\/leregardlibre.com\/#\/schema\/logo\/image\/","url":"https:\/\/leregardlibre.com\/wp-content\/uploads\/2025\/08\/logo-rl-icone-neg.jpeg","contentUrl":"https:\/\/leregardlibre.com\/wp-content\/uploads\/2025\/08\/logo-rl-icone-neg.jpeg","width":557,"height":556,"caption":"Le Regard Libre"},"image":{"@id":"https:\/\/leregardlibre.com\/#\/schema\/logo\/image\/"},"sameAs":["https:\/\/www.facebook.com\/leregardlibre\/","https:\/\/x.com\/LeRegardLibre","https:\/\/www.linkedin.com\/company\/le-regard-libre","https:\/\/www.instagram.com\/leregardlibre\/","http:\/\/t.me\/leregardlibre","https:\/\/youtube.com\/channel\/UC6HzGPomj1LsUmlz-sJtITQ"],"description":"Le Regard Libre is a Swiss monthly magazine for intellectual and cultural debate. Its editorial team is young, voluntary, liberal and pluralist. The magazine appears online and in print. Its language is French.","email":"redaction@leregardlibre.com","legalName":"Le Regard Libre","foundingDate":"2014-01-01","numberOfEmployees":{"@type":"QuantitativeValue","minValue":"11","maxValue":"50"},"publishingPrinciples":"https:\/\/leregardlibre.com\/a-propos\/notre-manifeste\/","ownershipFundingInfo":"https:\/\/leregardlibre.com\/mentions-legales\/","actionableFeedbackPolicy":"https:\/\/leregardlibre.com\/conditions-generales-de-vente\/"}]}},"_links":{"self":[{"href":"https:\/\/leregardlibre.com\/en\/wp-json\/wp\/v2\/product\/526982","targetHints":{"allow":["GET"]}}],"collection":[{"href":"https:\/\/leregardlibre.com\/en\/wp-json\/wp\/v2\/product"}],"about":[{"href":"https:\/\/leregardlibre.com\/en\/wp-json\/wp\/v2\/types\/product"}],"replies":[{"embeddable":true,"href":"https:\/\/leregardlibre.com\/en\/wp-json\/wp\/v2\/comments?post=526982"}],"wp:featuredmedia":[{"embeddable":true,"href":"https:\/\/leregardlibre.com\/en\/wp-json\/wp\/v2\/media\/526984"}],"wp:attachment":[{"href":"https:\/\/leregardlibre.com\/en\/wp-json\/wp\/v2\/media?parent=526982"}],"wp:term":[{"taxonomy":"product_brand","embeddable":true,"href":"https:\/\/leregardlibre.com\/en\/wp-json\/wp\/v2\/product_brand?post=526982"},{"taxonomy":"product_cat","embeddable":true,"href":"https:\/\/leregardlibre.com\/en\/wp-json\/wp\/v2\/product_cat?post=526982"},{"taxonomy":"product_tag","embeddable":true,"href":"https:\/\/leregardlibre.com\/en\/wp-json\/wp\/v2\/product_tag?post=526982"}],"curies":[{"name":"wp","href":"https:\/\/api.w.org\/{rel}","templated":true}]}}