{"id":529759,"date":"2025-11-09T10:25:16","date_gmt":"2025-11-09T09:25:16","guid":{"rendered":"https:\/\/leregardlibre.com\/?post_type=product&#038;p=529759"},"modified":"2026-03-24T18:43:23","modified_gmt":"2026-03-24T17:43:23","slug":"le-regard-libre-n121-dossier-the-new-mercantilism","status":"publish","type":"product","link":"https:\/\/leregardlibre.com\/en\/product\/le-regard-libre-n121-dossier-the-new-mercantilism\/","title":{"rendered":"Le Regard Libre N\u00b0121 | Dossier \u00abLe nouveau mercantilisme\u00bb (The new mercantilism)\u00bb"},"content":{"rendered":"<p><em>Le Regard Libre<\/em> N\u00b0121 | \u00abThe new mercantilism\u00bb<br \/>\nPaper copy<br \/>\nNovember 2025 edition<br \/>\nChic paper magazine format<\/p>\n<hr \/>\n<p class=\"p1\"><strong><span class=\"s1\">Opinions and reflections<br \/>\n<\/span><\/strong><span class=\"s2\">05<\/span> Jonas Follonier's editorial: AI is an opportunity for journalism<br \/>\n<span class=\"s2\">07<\/span> Ralph M\u00fcller's cartridge: Online presence, a quest for self<br \/>\n<span class=\"s2\">08<\/span> Marianne Grosjean's article: Why civil service is essential<br \/>\n<span class=\"s2\">09<\/span> Pascal Couchepin's reading: \u00abWhere does the sky lean?\u00bb<br \/>\n<span class=\"s2\">10<\/span> Deirdre McCloskey on the loose: French intellectual provincialism<br \/>\n<span class=\"s2\">11<\/span> Disagreement: Should the state and churches be separated throughout Switzerland?<br \/>\n<span class=\"s2\">12<\/span> Essay of the month: The uniform, mirror of a modern world<br \/>\n<span class=\"s2\">13<\/span> When the male repressed comes back at a gallop<br \/>\n<span class=\"s2\">16<\/span> Israel: Letter to Ruth Dreifuss<br \/>\n<span class=\"s2\">19<\/span> The elephant, the hen and the tsar<\/p>\n<p class=\"p4\"><strong><span class=\"s1\">Dossier: The new mercantilism<br \/>\n<\/span><\/strong><span class=\"s2\">22<\/span> Primitive capitalism has made a comeback<br \/>\n<span class=\"s2\">26<\/span> What can we say about protectionism?<br \/>\n<span class=\"s2\">28<\/span> Alexandre Edelmann: \u201cSwitzerland is condemned to excellence \u201d<br \/>\n<span class=\"s2\">34<\/span> The best industrial policy is none at all<br \/>\n<span class=\"s2\">36<\/span> Fran\u00e7ois Schaller: \u00abAgreements with the EU will spell the end of the Swiss model\u00bb.\u00bb<\/p>\n<p class=\"p1\"><strong><span class=\"s1\">Culture and notebooks<br \/>\n<\/span><\/strong><span class=\"s2\">40<\/span> Trope setting: <i>\u00abLa fin de la tristesse\u00bb<\/i>, writing to stay alive<br \/>\n<span class=\"s2\">42<\/span> Libert\u00e9 dans l'objectif: AI, the new betrayal of cinema<br \/>\n<span class=\"s2\">44<\/span> Bernard L\u00e9chot's photo essay: Lonesome trees<br \/>\n<span class=\"s2\">50<\/span> In brief: Parliamentary conviviality, Nicolas Walder and a ChatGPT joke<br \/>\n<span class=\"s2\">52<\/span> Subscription and sponsorship<br \/>\n<span class=\"s2\">54<\/span> Quotes<\/p>","protected":false},"excerpt":{"rendered":"<p>Le Regard Libre N\u00b0121 | \u00abLe nouveau mercantilisme\u00bb Exemplaire papier Edition de novembre 2025 Format magazine papier chic Opinions et&#8230;<\/p>","protected":false},"featured_media":529763,"comment_status":"open","ping_status":"closed","template":"","meta":{"_acf_changed":false},"product_brand":[],"product_cat":[644340392],"product_tag":[],"class_list":{"0":"post-529759","1":"product","2":"type-product","3":"status-publish","4":"has-post-thumbnail","6":"product_cat-numeros","8":"first","9":"instock","10":"shipping-taxable","11":"purchasable","12":"product-type-variable"},"acf":[],"yoast_head":"<!-- This site is optimized with the Yoast SEO Premium plugin v27.4 (Yoast SEO v27.4) - https:\/\/yoast.com\/product\/yoast-seo-premium-wordpress\/ -->\n<title>Le Regard Libre N\u00b0121 | Dossier \u00abLe nouveau mercantilisme\u00bb<\/title>\n<meta name=\"robots\" content=\"index, follow, max-snippet:-1, max-image-preview:large, max-video-preview:-1\" \/>\n<link rel=\"canonical\" href=\"https:\/\/leregardlibre.com\/en\/product\/le-regard-libre-n121-dossier-the-new-mercantilism\/\" \/>\n<meta property=\"og:locale\" content=\"en_US\" \/>\n<meta property=\"og:type\" content=\"article\" \/>\n<meta property=\"og:title\" content=\"Le Regard Libre N\u00b0121 | Dossier \u00abLe nouveau mercantilisme\u00bb\" \/>\n<meta property=\"og:description\" content=\"Le Regard Libre N\u00b0121 | \u00abLe nouveau mercantilisme\u00bb Exemplaire papier Edition de novembre 2025 Format magazine papier chic Opinions et...\" \/>\n<meta property=\"og:url\" content=\"https:\/\/leregardlibre.com\/en\/product\/le-regard-libre-n121-dossier-the-new-mercantilism\/\" \/>\n<meta property=\"og:site_name\" content=\"Le Regard Libre\" \/>\n<meta property=\"article:publisher\" content=\"https:\/\/www.facebook.com\/leregardlibre\/\" \/>\n<meta property=\"article:modified_time\" content=\"2026-03-24T17:43:23+00:00\" \/>\n<meta property=\"og:image\" content=\"https:\/\/leregardlibre.com\/wp-content\/uploads\/2025\/11\/une-le-regard-libre-n121-724x1024.jpg\" \/>\n\t<meta property=\"og:image:width\" content=\"724\" \/>\n\t<meta property=\"og:image:height\" content=\"1024\" \/>\n\t<meta property=\"og:image:type\" content=\"image\/jpeg\" \/>\n<meta name=\"twitter:card\" content=\"summary_large_image\" \/>\n<meta name=\"twitter:site\" content=\"@LeRegardLibre\" \/>\n<meta name=\"twitter:label1\" content=\"Est. reading time\" \/>\n\t<meta name=\"twitter:data1\" content=\"2 minutes\" \/>\n<script type=\"application\/ld+json\" class=\"yoast-schema-graph\">{\"@context\":\"https:\\\/\\\/schema.org\",\"@graph\":[{\"@type\":\"WebPage\",\"@id\":\"https:\\\/\\\/leregardlibre.com\\\/produit\\\/le-regard-libre-n121-dossier-le-nouveau-mercantilisme\\\/\",\"url\":\"https:\\\/\\\/leregardlibre.com\\\/produit\\\/le-regard-libre-n121-dossier-le-nouveau-mercantilisme\\\/\",\"name\":\"Le Regard Libre N\u00b0121 | Dossier \u00abLe nouveau mercantilisme\u00bb\",\"isPartOf\":{\"@id\":\"https:\\\/\\\/leregardlibre.com\\\/#website\"},\"primaryImageOfPage\":{\"@id\":\"https:\\\/\\\/leregardlibre.com\\\/produit\\\/le-regard-libre-n121-dossier-le-nouveau-mercantilisme\\\/#primaryimage\"},\"image\":{\"@id\":\"https:\\\/\\\/leregardlibre.com\\\/produit\\\/le-regard-libre-n121-dossier-le-nouveau-mercantilisme\\\/#primaryimage\"},\"thumbnailUrl\":\"https:\\\/\\\/leregardlibre.com\\\/wp-content\\\/uploads\\\/2025\\\/11\\\/une-le-regard-libre-n121.jpg\",\"datePublished\":\"2025-11-09T09:25:16+00:00\",\"dateModified\":\"2026-03-24T17:43:23+00:00\",\"breadcrumb\":{\"@id\":\"https:\\\/\\\/leregardlibre.com\\\/produit\\\/le-regard-libre-n121-dossier-le-nouveau-mercantilisme\\\/#breadcrumb\"},\"inLanguage\":\"en-US\",\"potentialAction\":[{\"@type\":\"ReadAction\",\"target\":[\"https:\\\/\\\/leregardlibre.com\\\/produit\\\/le-regard-libre-n121-dossier-le-nouveau-mercantilisme\\\/\"]}]},{\"@type\":\"ImageObject\",\"inLanguage\":\"en-US\",\"@id\":\"https:\\\/\\\/leregardlibre.com\\\/produit\\\/le-regard-libre-n121-dossier-le-nouveau-mercantilisme\\\/#primaryimage\",\"url\":\"https:\\\/\\\/leregardlibre.com\\\/wp-content\\\/uploads\\\/2025\\\/11\\\/une-le-regard-libre-n121.jpg\",\"contentUrl\":\"https:\\\/\\\/leregardlibre.com\\\/wp-content\\\/uploads\\\/2025\\\/11\\\/une-le-regard-libre-n121.jpg\",\"width\":9921,\"height\":14031,\"caption\":\"Une Le Regard Libre N\u00b0121\"},{\"@type\":\"BreadcrumbList\",\"@id\":\"https:\\\/\\\/leregardlibre.com\\\/produit\\\/le-regard-libre-n121-dossier-le-nouveau-mercantilisme\\\/#breadcrumb\",\"itemListElement\":[{\"@type\":\"ListItem\",\"position\":1,\"name\":\"Accueil\",\"item\":\"https:\\\/\\\/leregardlibre.com\\\/\"},{\"@type\":\"ListItem\",\"position\":2,\"name\":\"Boutique\",\"item\":\"https:\\\/\\\/leregardlibre.com\\\/boutique\\\/\"},{\"@type\":\"ListItem\",\"position\":3,\"name\":\"Le Regard Libre N\u00b0121 | Dossier \u00abLe nouveau mercantilisme\u00bb\"}]},{\"@type\":\"WebSite\",\"@id\":\"https:\\\/\\\/leregardlibre.com\\\/#website\",\"url\":\"https:\\\/\\\/leregardlibre.com\\\/\",\"name\":\"Le Regard Libre\",\"description\":\"Premier mensuel suisse de d\u00e9bat\",\"publisher\":{\"@id\":\"https:\\\/\\\/leregardlibre.com\\\/#organization\"},\"potentialAction\":[{\"@type\":\"SearchAction\",\"target\":{\"@type\":\"EntryPoint\",\"urlTemplate\":\"https:\\\/\\\/leregardlibre.com\\\/?s={search_term_string}\"},\"query-input\":{\"@type\":\"PropertyValueSpecification\",\"valueRequired\":true,\"valueName\":\"search_term_string\"}}],\"inLanguage\":\"en-US\"},{\"@type\":\"Organization\",\"@id\":\"https:\\\/\\\/leregardlibre.com\\\/#organization\",\"name\":\"Le Regard Libre\",\"url\":\"https:\\\/\\\/leregardlibre.com\\\/\",\"logo\":{\"@type\":\"ImageObject\",\"inLanguage\":\"en-US\",\"@id\":\"https:\\\/\\\/leregardlibre.com\\\/#\\\/schema\\\/logo\\\/image\\\/\",\"url\":\"https:\\\/\\\/leregardlibre.com\\\/wp-content\\\/uploads\\\/2025\\\/08\\\/logo-rl-icone-neg.jpeg\",\"contentUrl\":\"https:\\\/\\\/leregardlibre.com\\\/wp-content\\\/uploads\\\/2025\\\/08\\\/logo-rl-icone-neg.jpeg\",\"width\":557,\"height\":556,\"caption\":\"Le Regard Libre\"},\"image\":{\"@id\":\"https:\\\/\\\/leregardlibre.com\\\/#\\\/schema\\\/logo\\\/image\\\/\"},\"sameAs\":[\"https:\\\/\\\/www.facebook.com\\\/leregardlibre\\\/\",\"https:\\\/\\\/x.com\\\/LeRegardLibre\",\"https:\\\/\\\/www.linkedin.com\\\/company\\\/le-regard-libre\",\"https:\\\/\\\/www.instagram.com\\\/leregardlibre\\\/\",\"http:\\\/\\\/t.me\\\/leregardlibre\",\"https:\\\/\\\/youtube.com\\\/channel\\\/UC6HzGPomj1LsUmlz-sJtITQ\"],\"description\":\"Le Regard Libre est un mensuel suisse de d\u00e9bat intellectuel et culturel. Sa r\u00e9daction est jeune, b\u00e9n\u00e9vole, lib\u00e9rale et pluraliste. Le magazine para\u00eet en ligne et sous forme papier. Sa langue est le fran\u00e7ais.\",\"email\":\"redaction@leregardlibre.com\",\"legalName\":\"Le Regard Libre\",\"foundingDate\":\"2014-01-01\",\"numberOfEmployees\":{\"@type\":\"QuantitativeValue\",\"minValue\":\"11\",\"maxValue\":\"50\"},\"publishingPrinciples\":\"https:\\\/\\\/leregardlibre.com\\\/a-propos\\\/notre-manifeste\\\/\",\"ownershipFundingInfo\":\"https:\\\/\\\/leregardlibre.com\\\/mentions-legales\\\/\",\"actionableFeedbackPolicy\":\"https:\\\/\\\/leregardlibre.com\\\/conditions-generales-de-vente\\\/\"}]}<\/script>\n<!-- \/ Yoast SEO Premium plugin. -->","yoast_head_json":{"title":"Le Regard Libre N\u00b0121 | Dossier \u00abLe nouveau mercantilisme\u00bb (The new mercantilism)\u00bb","robots":{"index":"index","follow":"follow","max-snippet":"max-snippet:-1","max-image-preview":"max-image-preview:large","max-video-preview":"max-video-preview:-1"},"canonical":"https:\/\/leregardlibre.com\/en\/product\/le-regard-libre-n121-dossier-the-new-mercantilism\/","og_locale":"en_US","og_type":"article","og_title":"Le Regard Libre N\u00b0121 | Dossier \u00abLe nouveau mercantilisme\u00bb","og_description":"Le Regard Libre N\u00b0121 | \u00abLe nouveau mercantilisme\u00bb Exemplaire papier Edition de novembre 2025 Format magazine papier chic Opinions et...","og_url":"https:\/\/leregardlibre.com\/en\/product\/le-regard-libre-n121-dossier-the-new-mercantilism\/","og_site_name":"Le Regard Libre","article_publisher":"https:\/\/www.facebook.com\/leregardlibre\/","article_modified_time":"2026-03-24T17:43:23+00:00","og_image":[{"width":724,"height":1024,"url":"https:\/\/leregardlibre.com\/wp-content\/uploads\/2025\/11\/une-le-regard-libre-n121-724x1024.jpg","type":"image\/jpeg"}],"twitter_card":"summary_large_image","twitter_site":"@LeRegardLibre","twitter_misc":{"Est. reading time":"2 minutes"},"schema":{"@context":"https:\/\/schema.org","@graph":[{"@type":"WebPage","@id":"https:\/\/leregardlibre.com\/produit\/le-regard-libre-n121-dossier-le-nouveau-mercantilisme\/","url":"https:\/\/leregardlibre.com\/produit\/le-regard-libre-n121-dossier-le-nouveau-mercantilisme\/","name":"Le Regard Libre N\u00b0121 | Dossier \u00abLe nouveau mercantilisme\u00bb (The new mercantilism)\u00bb","isPartOf":{"@id":"https:\/\/leregardlibre.com\/#website"},"primaryImageOfPage":{"@id":"https:\/\/leregardlibre.com\/produit\/le-regard-libre-n121-dossier-le-nouveau-mercantilisme\/#primaryimage"},"image":{"@id":"https:\/\/leregardlibre.com\/produit\/le-regard-libre-n121-dossier-le-nouveau-mercantilisme\/#primaryimage"},"thumbnailUrl":"https:\/\/leregardlibre.com\/wp-content\/uploads\/2025\/11\/une-le-regard-libre-n121.jpg","datePublished":"2025-11-09T09:25:16+00:00","dateModified":"2026-03-24T17:43:23+00:00","breadcrumb":{"@id":"https:\/\/leregardlibre.com\/produit\/le-regard-libre-n121-dossier-le-nouveau-mercantilisme\/#breadcrumb"},"inLanguage":"en-US","potentialAction":[{"@type":"ReadAction","target":["https:\/\/leregardlibre.com\/produit\/le-regard-libre-n121-dossier-le-nouveau-mercantilisme\/"]}]},{"@type":"ImageObject","inLanguage":"en-US","@id":"https:\/\/leregardlibre.com\/produit\/le-regard-libre-n121-dossier-le-nouveau-mercantilisme\/#primaryimage","url":"https:\/\/leregardlibre.com\/wp-content\/uploads\/2025\/11\/une-le-regard-libre-n121.jpg","contentUrl":"https:\/\/leregardlibre.com\/wp-content\/uploads\/2025\/11\/une-le-regard-libre-n121.jpg","width":9921,"height":14031,"caption":"Une Le Regard Libre N\u00b0121"},{"@type":"BreadcrumbList","@id":"https:\/\/leregardlibre.com\/produit\/le-regard-libre-n121-dossier-le-nouveau-mercantilisme\/#breadcrumb","itemListElement":[{"@type":"ListItem","position":1,"name":"Accueil","item":"https:\/\/leregardlibre.com\/"},{"@type":"ListItem","position":2,"name":"Boutique","item":"https:\/\/leregardlibre.com\/boutique\/"},{"@type":"ListItem","position":3,"name":"Le Regard Libre N\u00b0121 | Dossier \u00abLe nouveau mercantilisme\u00bb"}]},{"@type":"WebSite","@id":"https:\/\/leregardlibre.com\/#website","url":"https:\/\/leregardlibre.com\/","name":"Le Regard Libre","description":"Switzerland's first monthly debate magazine","publisher":{"@id":"https:\/\/leregardlibre.com\/#organization"},"potentialAction":[{"@type":"SearchAction","target":{"@type":"EntryPoint","urlTemplate":"https:\/\/leregardlibre.com\/?s={search_term_string}"},"query-input":{"@type":"PropertyValueSpecification","valueRequired":true,"valueName":"search_term_string"}}],"inLanguage":"en-US"},{"@type":"Organization","@id":"https:\/\/leregardlibre.com\/#organization","name":"Le Regard Libre","url":"https:\/\/leregardlibre.com\/","logo":{"@type":"ImageObject","inLanguage":"en-US","@id":"https:\/\/leregardlibre.com\/#\/schema\/logo\/image\/","url":"https:\/\/leregardlibre.com\/wp-content\/uploads\/2025\/08\/logo-rl-icone-neg.jpeg","contentUrl":"https:\/\/leregardlibre.com\/wp-content\/uploads\/2025\/08\/logo-rl-icone-neg.jpeg","width":557,"height":556,"caption":"Le Regard Libre"},"image":{"@id":"https:\/\/leregardlibre.com\/#\/schema\/logo\/image\/"},"sameAs":["https:\/\/www.facebook.com\/leregardlibre\/","https:\/\/x.com\/LeRegardLibre","https:\/\/www.linkedin.com\/company\/le-regard-libre","https:\/\/www.instagram.com\/leregardlibre\/","http:\/\/t.me\/leregardlibre","https:\/\/youtube.com\/channel\/UC6HzGPomj1LsUmlz-sJtITQ"],"description":"Le Regard Libre is a Swiss monthly magazine for intellectual and cultural debate. Its editorial team is young, voluntary, liberal and pluralist. The magazine appears online and in print. Its language is French.","email":"redaction@leregardlibre.com","legalName":"Le Regard Libre","foundingDate":"2014-01-01","numberOfEmployees":{"@type":"QuantitativeValue","minValue":"11","maxValue":"50"},"publishingPrinciples":"https:\/\/leregardlibre.com\/a-propos\/notre-manifeste\/","ownershipFundingInfo":"https:\/\/leregardlibre.com\/mentions-legales\/","actionableFeedbackPolicy":"https:\/\/leregardlibre.com\/conditions-generales-de-vente\/"}]}},"_links":{"self":[{"href":"https:\/\/leregardlibre.com\/en\/wp-json\/wp\/v2\/product\/529759","targetHints":{"allow":["GET"]}}],"collection":[{"href":"https:\/\/leregardlibre.com\/en\/wp-json\/wp\/v2\/product"}],"about":[{"href":"https:\/\/leregardlibre.com\/en\/wp-json\/wp\/v2\/types\/product"}],"replies":[{"embeddable":true,"href":"https:\/\/leregardlibre.com\/en\/wp-json\/wp\/v2\/comments?post=529759"}],"wp:featuredmedia":[{"embeddable":true,"href":"https:\/\/leregardlibre.com\/en\/wp-json\/wp\/v2\/media\/529763"}],"wp:attachment":[{"href":"https:\/\/leregardlibre.com\/en\/wp-json\/wp\/v2\/media?parent=529759"}],"wp:term":[{"taxonomy":"product_brand","embeddable":true,"href":"https:\/\/leregardlibre.com\/en\/wp-json\/wp\/v2\/product_brand?post=529759"},{"taxonomy":"product_cat","embeddable":true,"href":"https:\/\/leregardlibre.com\/en\/wp-json\/wp\/v2\/product_cat?post=529759"},{"taxonomy":"product_tag","embeddable":true,"href":"https:\/\/leregardlibre.com\/en\/wp-json\/wp\/v2\/product_tag?post=529759"}],"curies":[{"name":"wp","href":"https:\/\/api.w.org\/{rel}","templated":true}]}}